{"id":1523,"date":"2022-11-05T19:21:23","date_gmt":"2022-11-05T14:21:23","guid":{"rendered":"https:\/\/denturologisterivenord.com\/?page_id=1523"},"modified":"2026-02-27T00:22:33","modified_gmt":"2026-02-26T19:22:33","slug":"denturologiste-5","status":"publish","type":"page","link":"https:\/\/denturologisterivenord.com\/","title":{"rendered":"Denturologiste"},"content":{"rendered":"<p><div class=\"fusion-fullwidth fullwidth-box fusion-builder-row-1 fusion-flex-container has-pattern-background has-mask-background hundred-percent-fullwidth non-hundred-percent-height-scrolling fusion-no-small-visibility\" style=\"--awb-border-radius-top-left:0px;--awb-border-radius-top-right:0px;--awb-border-radius-bottom-right:0px;--awb-border-radius-bottom-left:0px;--awb-padding-top:0px;--awb-padding-right:0px;--awb-padding-bottom:0px;--awb-padding-left:0px;--awb-flex-wrap:wrap;\" ><div class=\"awb-background-mask\" style=\"background-image:  url(data:image\/svg+xml;utf8,%3Csvg%20width%3D%221920%22%20height%3D%22954%22%20fill%3D%22none%22%20xmlns%3D%22http%3A%2F%2Fwww.w3.org%2F2000%2Fsvg%22%3E%3Cg%20clip-path%3D%22url%28%23prefix__clip0_75_23203%29%22%3E%3Cpath%20fill-rule%3D%22evenodd%22%20clip-rule%3D%22evenodd%22%20d%3D%22M1920%200H0v859.506l-190.573%2051.064%2035.756%20133.44L32.783%20954H51.31l-375.326%20172.87%2090.136%20394.4L565.33%20954h19.141c-170.193%20122.31-368.853%20265.1-580.537%20417.25l-.165.12-135.29%2097.24%20957.378-451.83L893.286%20954h47.639L-114.454%202058.62l62.826%20234.47L1103.34%20954h27.42L103.93%202180l65.439%20244.22%20705.555-863.57%20240.546-94.82L1470.23%20954h53.31L191.011%202939.16l104.974%20391.76%20375.717-100.67%20377.978-571.43c13.98-21.33%20164.03-221.74%20151.7-199.8L787.965%203199.1l348.975-93.51L2169.62%20804.001l-131.46-490.62L1935%20341.024l-15%2022.347v-58.283l61.63-88.923L1920%20232.68V0zm0%20232.68l-238.67%2063.951L1130.76%20954h339.47L1920%20305.088V232.68zm0%20130.691L1523.54%20954H1920V363.371zM1103.34%20954l127.91-148.297%2060.47-169.07-5.85-43.671L940.925%20954h162.415zm248.69-427.1L893.286%20954H584.471c248.761-178.774%20436.699-313.798%20515.599-370.351l251.96-56.749zm0%200l.03-.029.01.021-.04.008zM565.33%20954l434.321-308.275-553.752%20126.532L51.311%20954H565.33zm-532.548%200l487.485-233.9L0%20859.506V954h32.782zM1528.04%20468.975l-174.96%20202.889-25.3-117.832%2040.22-42.175%20160.04-42.882zm931.55%201244.855L2213%20793.524l-218.25%20490.736-.14.24%20156.33%201465.08%20131.12-35.13%20177.53-1000.62zm-520.18-346.59l21.42%20218.34-146.61%2063.17%20125.19-281.51zm84.33%20588.28l-29.58-300.33-157.39%2086.36-225.64%20506.93%20412.61-292.96zm-112.76%20125.5l87.14%20889.52-885.51%20237.27%20364.48-819.53%20433.89-307.26zm668.86%20220.36l104.4%20389.61-384.91%20103.14%2027.46-149.15-.05-.19%20253.1-343.41zM807.326%201730.06l172.895-51.15-812.664%201172.72-67.065-250.29%20706.834-871.28zM-89.52%201852.55c-.896-.13-1.789-.26-2.679-.4l.006.03c-28.186-4.25-56.008-10.99-83.04-20.39l53.373%20129.55%2075.04-98.45c-13.099-6.01-28.262-8.23-42.698-10.34h-.002zm829.267-783.16l-722.21%20797.48c-31.83-8.57-62.09-22.77-92.32-36.95h-.002c-17.155-8.04-34.3-16.09-51.718-23.09l-56.788-179.13c255.882-154.84%20738.844-446.96%20923.038-558.31zm558.503-416.072l14.14%2076.974-82.22%2095.978%2068.08-172.952zM2478.63%201923.68l-163.84%20701.82%20248.83-311.25-84.99-390.57zm-2799.147-309l-5.334%204.37-.056-.21.41-1.57%204.582-2.48.398-.11z%22%20fill%3D%22rgba%28235%2C235%2C235%2C1%29%22%2F%3E%3C%2Fg%3E%3Cdefs%3E%3CclipPath%20id%3D%22prefix__clip0_75_23203%22%3E%3Cpath%20fill%3D%22%23fff%22%20d%3D%22M0%200h1920v954H0z%22%2F%3E%3C%2FclipPath%3E%3C%2Fdefs%3E%3C%2Fsvg%3E);opacity: 1 ;transform: scale(1, 1);mix-blend-mode:normal;\"><\/div><div class=\"fusion-builder-row fusion-row fusion-flex-align-items-center fusion-flex-align-content-flex-start fusion-flex-justify-content-center fusion-flex-content-wrap\" style=\"width:115% !important;max-width:115% !important;margin-left: calc(-15% \/ 2 );margin-right: calc(-15% \/ 2 );\"><div class=\"fusion-layout-column fusion_builder_column fusion-builder-column-0 fusion_builder_column_2_5 2_5 fusion-flex-column\" style=\"--awb-bg-position:right top;--awb-bg-size:cover;--awb-transition:filter 0ms ease, transform 0ms ease, background-color 0ms ease, border-color 0ms ease;--awb-width-large:40%;--awb-margin-top-large:0px;--awb-spacing-right-large:20px;--awb-margin-bottom-large:0px;--awb-spacing-left-large:10px;--awb-width-medium:40%;--awb-order-medium:0;--awb-spacing-right-medium:20px;--awb-spacing-left-medium:10px;--awb-width-small:100%;--awb-order-small:0;--awb-spacing-right-small:6.375%;--awb-spacing-left-small:6.375%;\" data-scroll-devices=\"small-visibility,medium-visibility,large-visibility\"><div class=\"fusion-column-wrapper fusion-column-has-shadow fusion-flex-justify-content-flex-start fusion-content-layout-column\"><div class=\"fusion-image-element \" style=\"text-align:right;--awb-margin-right:0px;--awb-margin-left:0px;--awb-caption-title-font-family:var(--h2_typography-font-family);--awb-caption-title-font-weight:var(--h2_typography-font-weight);--awb-caption-title-font-style:var(--h2_typography-font-style);--awb-caption-title-size:var(--h2_typography-font-size);--awb-caption-title-transform:var(--h2_typography-text-transform);--awb-caption-title-line-height:var(--h2_typography-line-height);--awb-caption-title-letter-spacing:var(--h2_typography-letter-spacing);\"><span class=\" fusion-imageframe imageframe-none imageframe-1 hover-type-none\"><a class=\"fusion-no-lightbox\" href=\"https:\/\/denturologisterivenord.com\/\" target=\"_self\" aria-label=\"Denturologiste\"><img decoding=\"async\" width=\"1019\" height=\"834\" alt=\"Denturologiste\" src=\"https:\/\/denturologisterivenord.com\/wp-content\/uploads\/2022\/10\/denturologiste.png\" data-orig-src=\"https:\/\/denturologisterivenord.com\/wp-content\/uploads\/2022\/10\/denturologiste.png\" class=\"lazyload img-responsive wp-image-862\" srcset=\"data:image\/svg+xml,%3Csvg%20xmlns%3D%27http%3A%2F%2Fwww.w3.org%2F2000%2Fsvg%27%20width%3D%271019%27%20height%3D%27834%27%20viewBox%3D%270%200%201019%20834%27%3E%3Crect%20width%3D%271019%27%20height%3D%27834%27%20fill-opacity%3D%220%22%2F%3E%3C%2Fsvg%3E\" data-srcset=\"https:\/\/denturologisterivenord.com\/wp-content\/uploads\/2022\/10\/denturologiste-200x164.png 200w, https:\/\/denturologisterivenord.com\/wp-content\/uploads\/2022\/10\/denturologiste-400x327.png 400w, https:\/\/denturologisterivenord.com\/wp-content\/uploads\/2022\/10\/denturologiste-600x491.png 600w, https:\/\/denturologisterivenord.com\/wp-content\/uploads\/2022\/10\/denturologiste-800x655.png 800w, https:\/\/denturologisterivenord.com\/wp-content\/uploads\/2022\/10\/denturologiste.png 1019w\" data-sizes=\"auto\" data-orig-sizes=\"(max-width: 908px) 100vw, (max-width: 640px) 100vw, 600px\" \/><\/a><\/span><\/div><\/div><\/div><div class=\"fusion-layout-column fusion_builder_column fusion-builder-column-1 fusion_builder_column_1_3 1_3 fusion-flex-column\" style=\"--awb-padding-right:20px;--awb-bg-size:cover;--awb-transition:filter 0ms ease, transform 0ms ease, background-color 0ms ease, border-color 0ms ease;--awb-width-large:33.333333333333%;--awb-margin-top-large:0px;--awb-spacing-right-large:0%;--awb-margin-bottom-large:0px;--awb-spacing-left-large:5.1%;--awb-width-medium:40%;--awb-order-medium:0;--awb-margin-top-medium:20px;--awb-spacing-right-medium:0%;--awb-spacing-left-medium:4.25%;--awb-width-small:100%;--awb-order-small:0;--awb-spacing-right-small:6.375%;--awb-spacing-left-small:6.375%;\" data-scroll-devices=\"small-visibility,medium-visibility,large-visibility\"><div class=\"fusion-column-wrapper fusion-column-has-shadow fusion-flex-justify-content-flex-start fusion-content-layout-column\"><div class=\"fusion-title title fusion-title-1 fusion-sep-none fusion-title-center fusion-title-text fusion-title-size-one\" style=\"--awb-text-color:var(--awb-color3);--awb-margin-top:0px;--awb-margin-bottom:20px;--awb-margin-top-small:0px;--awb-margin-right-small:0px;--awb-margin-bottom-small:20px;--awb-margin-left-small:0px;--awb-font-size:50px;\"><h1 class=\"fusion-title-heading title-heading-center fusion-responsive-typography-calculated\" style=\"font-family:&quot;Arimo&quot;;font-style:normal;font-weight:400;margin:0;text-transform:none;font-size:1em;--fontSize:50;line-height:0.8;\">Votre denturologiste<\/h1><\/div><div class=\"fusion-title title fusion-title-2 fusion-sep-none fusion-title-center fusion-title-text fusion-title-size-two\" style=\"--awb-text-color:var(--awb-color3);--awb-margin-top:10px;--awb-margin-bottom:10px;--awb-margin-top-small:0px;--awb-margin-right-small:0px;--awb-margin-bottom-small:20px;--awb-margin-left-small:0px;\"><h2 class=\"fusion-title-heading title-heading-center fusion-responsive-typography-calculated\" style=\"font-family:&quot;Arimo&quot;;font-style:normal;font-weight:400;margin:0;--fontSize:45;line-height:0.9;\">\u00e0 Mirabel<\/h2><\/div><div class=\"fusion-title title fusion-title-3 fusion-sep-none fusion-title-center fusion-title-text fusion-title-size-two\" style=\"--awb-text-color:var(--awb-color3);--awb-margin-top:10px;--awb-margin-top-small:0px;--awb-margin-right-small:0px;--awb-margin-bottom-small:20px;--awb-margin-left-small:0px;\"><h2 class=\"fusion-title-heading title-heading-center fusion-responsive-typography-calculated\" style=\"font-family:&quot;Arimo&quot;;font-style:normal;font-weight:400;margin:0;--fontSize:45;line-height:0.9;\">et \u00e0 Ste-Ad\u00e8le<\/h2><\/div><div class=\"fusion-text fusion-text-1 fusion-text-no-margin\" style=\"--awb-text-color:var(--awb-color6);--awb-margin-top:30px;--awb-margin-bottom:20px;\"><p>Votre denturologiste \u00e0 Mirabel et \u00e0 Sainte-Ad\u00e8le, Philippe Bisaillon-Cyr, denturologiste passionn\u00e9e, vous aidera \u00e0 retrouver le sourire gr\u00e2ce \u00e0 son expertise et \u00e0 ses 10 ans d\u2019exp\u00e9rience.<\/p>\n<\/div><div class=\"fusion-text fusion-text-2 fusion-text-no-margin\" style=\"--awb-font-size:20px;--awb-line-height:10px;--awb-text-color:var(--awb-color4);--awb-margin-top:35px;--awb-margin-bottom:70px;\"><p style=\"text-align: center;\">Financement disponible . Stationnement gratuit<\/p>\n<p style=\"text-align: center;\">Cliniques accessibles aux personnes \u00e0 mobilit\u00e9 r\u00e9duite<\/p>\n<\/div><div style=\"text-align:center;\"><a class=\"fusion-button button-flat button-large button-default fusion-button-default button-1 fusion-button-span-no fusion-button-default-type\" target=\"_self\" href=\"https:\/\/denturologisterivenord.com\/#rendez\"><span class=\"fusion-button-text awb-button__text awb-button__text--default\">Prendre rendez-vous<\/span><\/a><\/div><\/div><\/div><\/div><\/div><div id=\"aboutus\" class=\"fusion-container-anchor\"><div class=\"fusion-fullwidth fullwidth-box fusion-builder-row-2 fusion-flex-container has-pattern-background has-mask-background fusion-parallax-none nonhundred-percent-fullwidth non-hundred-percent-height-scrolling lazyload\" style=\"--awb-background-position:center bottom;--awb-background-repeat:repeat-x;--awb-border-radius-top-left:0px;--awb-border-radius-top-right:0px;--awb-border-radius-bottom-right:0px;--awb-border-radius-bottom-left:0px;--awb-padding-top:60px;--awb-padding-right:0px;--awb-padding-left:0px;--awb-flex-wrap:wrap;\" data-bg=\"https:\/\/denturologisterivenord.com\/wp-content\/uploads\/2017\/11\/intro-bg2_02.jpg\" ><div class=\"fusion-builder-row fusion-row fusion-flex-align-items-stretch fusion-flex-justify-content-center fusion-flex-content-wrap\" style=\"max-width:calc( 1100px + 0px );margin-left: calc(-0px \/ 2 );margin-right: calc(-0px \/ 2 );\"><div class=\"fusion-layout-column fusion_builder_column fusion-builder-column-2 fusion_builder_column_5_6 5_6 fusion-flex-column fusion-flex-align-self-flex-start fusion-column-no-min-height\" style=\"--awb-padding-right:15px;--awb-padding-left:15px;--awb-padding-top-small:0px;--awb-padding-right-small:10px;--awb-padding-left-small:10px;--awb-bg-blend:overlay;--awb-bg-size:cover;--awb-width-large:83.333333333333%;--awb-margin-top-large:0px;--awb-spacing-right-large:0px;--awb-margin-bottom-large:60px;--awb-spacing-left-large:0px;--awb-width-medium:100%;--awb-order-medium:0;--awb-spacing-right-medium:0px;--awb-spacing-left-medium:0px;--awb-width-small:100%;--awb-order-small:0;--awb-margin-top-small:0px;--awb-spacing-right-small:0px;--awb-spacing-left-small:0px;\" data-scroll-devices=\"small-visibility,medium-visibility,large-visibility\"><div class=\"fusion-column-wrapper fusion-column-has-shadow fusion-flex-justify-content-flex-start fusion-content-layout-column\"><div class=\"fusion-image-element \" style=\"text-align:center;--awb-caption-title-font-family:var(--h2_typography-font-family);--awb-caption-title-font-weight:var(--h2_typography-font-weight);--awb-caption-title-font-style:var(--h2_typography-font-style);--awb-caption-title-size:var(--h2_typography-font-size);--awb-caption-title-transform:var(--h2_typography-text-transform);--awb-caption-title-line-height:var(--h2_typography-line-height);--awb-caption-title-letter-spacing:var(--h2_typography-letter-spacing);\"><span class=\" fusion-imageframe imageframe-none imageframe-2 hover-type-none\"><img decoding=\"async\" width=\"64\" height=\"64\" alt=\"Proth\u00e8se dentaire\" title=\"Denturologiste Mirabel\" src=\"data:image\/svg+xml,%3Csvg%20xmlns%3D%27http%3A%2F%2Fwww.w3.org%2F2000%2Fsvg%27%20width%3D%2764%27%20height%3D%2764%27%20viewBox%3D%270%200%2064%2064%27%3E%3Crect%20width%3D%2764%27%20height%3D%2764%27%20fill-opacity%3D%220%22%2F%3E%3C%2Fsvg%3E\" data-orig-src=\"https:\/\/denturologisterivenord.com\/wp-content\/uploads\/2022\/10\/icons8-dentures-64-2.png\" class=\"lazyload img-responsive wp-image-1093\"\/><\/span><\/div><div class=\"fusion-separator fusion-full-width-sep\" style=\"align-self: center;margin-left: auto;margin-right: auto;margin-top:20px;margin-bottom:20px;width:100%;\"><\/div><div class=\"fusion-text fusion-text-3\"><p style=\"text-align: center; color: var(--awb-color3); font-size: 24px; line-height: 30px;\"><em>Pour des proth\u00e8ses dentaires confortables et qui s\u2019harmonisent avec votre visage<\/em><\/p>\n<\/div><div class=\"fusion-title title fusion-title-4 fusion-sep-none fusion-title-center fusion-title-text fusion-title-size-two\" style=\"--awb-margin-top:30px;--awb-margin-top-small:0px;--awb-margin-right-small:0px;--awb-margin-bottom-small:20px;--awb-margin-left-small:0px;--awb-font-size:36px;\"><h2 class=\"fusion-title-heading title-heading-center fusion-responsive-typography-calculated\" style=\"margin:0;font-size:1em;--fontSize:36;line-height:var(--awb-typography1-line-height);\">Vous pouvez compter sur nous!<\/h2><\/div><div class=\"fusion-separator\" style=\"align-self: center;margin-left: auto;margin-right: auto;margin-top:0px;margin-bottom:35px;width:100%;max-width:180px;\"><div class=\"fusion-separator-border sep-single sep-solid\" style=\"--awb-height:20px;--awb-amount:20px;border-color:var(--awb-color3);border-top-width:1px;\"><\/div><\/div><div class=\"fusion-text fusion-text-4\"><p style=\"text-align: center;\">M. Bisaillon-Cyr prend le temps d\u2019\u00e9valuer la physionomie de votre bouche et de votre visage afin de fabriquer des proth\u00e8ses dentaires sur mesure et confortable.<\/p>\n<\/div><\/div><\/div><div class=\"fusion-layout-column fusion_builder_column fusion-builder-column-3 fusion_builder_column_1_2 1_2 fusion-flex-column\" style=\"--awb-padding-right:15px;--awb-padding-left:15px;--awb-padding-right-small:10px;--awb-padding-left-small:10px;--awb-bg-blend:overlay;--awb-bg-size:cover;--awb-width-large:50%;--awb-margin-top-large:15px;--awb-spacing-right-large:0px;--awb-margin-bottom-large:0px;--awb-spacing-left-large:0px;--awb-width-medium:100%;--awb-order-medium:0;--awb-spacing-right-medium:0px;--awb-spacing-left-medium:0px;--awb-width-small:100%;--awb-order-small:0;--awb-spacing-right-small:0px;--awb-spacing-left-small:0px;\" data-scroll-devices=\"small-visibility,medium-visibility,large-visibility\"><div class=\"fusion-column-wrapper fusion-column-has-shadow fusion-flex-justify-content-center fusion-content-layout-column\"><div class=\"fusion-text fusion-text-5\"><p style=\"text-align: center; color: var(--awb-color3); font-size: 24px; line-height: 10px;\"><em>Votre denturologiste<\/em><\/p>\n<\/div><div class=\"fusion-title title fusion-title-5 fusion-sep-none fusion-title-center fusion-title-text fusion-title-size-three\" style=\"--awb-margin-top:0px;--awb-margin-top-small:0px;--awb-margin-right-small:0px;--awb-margin-bottom-small:20px;--awb-margin-left-small:0px;\"><h3 class=\"fusion-title-heading title-heading-center fusion-responsive-typography-calculated\" style=\"margin:0;--fontSize:35;line-height:var(--awb-typography1-line-height);\">Philippe Bisaillon-Cyr<\/h3><\/div><div class=\"fusion-separator\" style=\"align-self: center;margin-left: auto;margin-right: auto;margin-bottom:35px;width:100%;max-width:80px;\"><div class=\"fusion-separator-border sep-single sep-solid\" style=\"--awb-height:20px;--awb-amount:20px;border-color:var(--awb-color3);border-top-width:1px;\"><\/div><\/div><div class=\"fusion-text fusion-text-6\"><p>Philippe Bisaillon-Cyr, dipl\u00f4m\u00e9 en denturologie depuis 2013. Sa profession de denturologiste (sp\u00e9cialiste des proth\u00e8ses dentaires) sollicite son c\u00f4t\u00e9 social et cr\u00e9atif. Professionnel, consciencieux et \u00e0 l\u2019aff\u00fbt \u00e0 vos besoins, M. Bisaillon Cyr recherche votre satisfaction en cr\u00e9ant des proth\u00e8ses dentaires d\u2019allure naturelle tout en tenant compte de vos demandes et besoins.<\/p>\n<\/div><div class=\"fusion-separator fusion-full-width-sep\" style=\"align-self: center;margin-left: auto;margin-right: auto;margin-top:30px;width:100%;\"><\/div><div class=\"fusion-text fusion-text-7\"><p><a href=\"https:\/\/www.odq.com\/\" target=\"_blank\" rel=\"noopener\">Membre de l&rsquo;Ordre des denturologistes du Qu\u00e9bec<\/a><\/p>\n<\/div><\/div><\/div><div class=\"fusion-layout-column fusion_builder_column fusion-builder-column-4 fusion_builder_column_1_2 1_2 fusion-flex-column\" style=\"--awb-padding-right-small:0px;--awb-padding-left-small:0px;--awb-bg-blend:overlay;--awb-bg-size:cover;--awb-width-large:50%;--awb-margin-top-large:15px;--awb-spacing-right-large:0px;--awb-margin-bottom-large:0px;--awb-spacing-left-large:0px;--awb-width-medium:100%;--awb-order-medium:0;--awb-spacing-right-medium:0px;--awb-spacing-left-medium:0px;--awb-width-small:100%;--awb-order-small:0;--awb-spacing-right-small:0px;--awb-spacing-left-small:0px;\" data-scroll-devices=\"small-visibility,medium-visibility,large-visibility\"><div class=\"fusion-column-wrapper fusion-column-has-shadow fusion-flex-justify-content-flex-start fusion-content-layout-column\"><div class=\"fusion-image-element \" style=\"text-align:center;--awb-caption-title-font-family:var(--h2_typography-font-family);--awb-caption-title-font-weight:var(--h2_typography-font-weight);--awb-caption-title-font-style:var(--h2_typography-font-style);--awb-caption-title-size:var(--h2_typography-font-size);--awb-caption-title-transform:var(--h2_typography-text-transform);--awb-caption-title-line-height:var(--h2_typography-line-height);--awb-caption-title-letter-spacing:var(--h2_typography-letter-spacing);\"><span class=\" fusion-imageframe imageframe-none imageframe-3 hover-type-none\"><img decoding=\"async\" width=\"460\" height=\"637\" alt=\"Denturologiste\" title=\"Denturologiste \u00e0 Mirabel et \u00e0 Ste-Ad\u00e8le\" src=\"https:\/\/denturologisterivenord.com\/wp-content\/uploads\/2022\/10\/philippe-bisaillon-cyr-denturologioste.png\" data-orig-src=\"https:\/\/denturologisterivenord.com\/wp-content\/uploads\/2022\/10\/philippe-bisaillon-cyr-denturologioste.png\" class=\"lazyload img-responsive wp-image-905\" srcset=\"data:image\/svg+xml,%3Csvg%20xmlns%3D%27http%3A%2F%2Fwww.w3.org%2F2000%2Fsvg%27%20width%3D%27460%27%20height%3D%27637%27%20viewBox%3D%270%200%20460%20637%27%3E%3Crect%20width%3D%27460%27%20height%3D%27637%27%20fill-opacity%3D%220%22%2F%3E%3C%2Fsvg%3E\" data-srcset=\"https:\/\/denturologisterivenord.com\/wp-content\/uploads\/2022\/10\/philippe-bisaillon-cyr-denturologioste-200x277.png 200w, https:\/\/denturologisterivenord.com\/wp-content\/uploads\/2022\/10\/philippe-bisaillon-cyr-denturologioste-400x554.png 400w, https:\/\/denturologisterivenord.com\/wp-content\/uploads\/2022\/10\/philippe-bisaillon-cyr-denturologioste.png 460w\" data-sizes=\"auto\" data-orig-sizes=\"(max-width: 908px) 100vw, (max-width: 640px) 100vw, 460px\" \/><\/span><\/div><\/div><\/div><\/div><\/div><\/div><div id=\"protheses\" class=\"fusion-container-anchor\"><div class=\"fusion-fullwidth fullwidth-box fusion-builder-row-3 fusion-flex-container has-pattern-background has-mask-background fusion-parallax-none hundred-percent-fullwidth non-hundred-percent-height-scrolling lazyload\" style=\"--awb-background-position:center bottom;--awb-background-repeat:repeat-x;--awb-border-sizes-left:0;--awb-border-sizes-right:0;--awb-border-radius-top-left:0px;--awb-border-radius-top-right:0px;--awb-border-radius-bottom-right:0px;--awb-border-radius-bottom-left:0px;--awb-padding-top:70px;--awb-padding-right:0px;--awb-padding-bottom:20px;--awb-padding-left:0px;--awb-padding-right-medium:0px;--awb-padding-left-medium:0px;--awb-padding-right-small:15px;--awb-padding-left-small:15px;--awb-margin-top-medium:0px;--awb-margin-bottom-medium:0px;--awb-background-color:var(--awb-color2);--awb-background-image:linear-gradient(180deg, var(--awb-color2) 0%,var(--awb-color2) 100%);;--awb-flex-wrap:wrap;\" data-bg=\"https:\/\/denturologisterivenord.com\/wp-content\/uploads\/2017\/11\/stylist-bg.jpg\" data-bg-gradient=\"linear-gradient(180deg, var(--awb-color2) 0%,var(--awb-color2) 100%)\" ><div class=\"fusion-builder-row fusion-row fusion-flex-align-items-flex-start fusion-flex-justify-content-center fusion-flex-content-wrap\" style=\"width:calc( 100% + 0px ) !important;max-width:calc( 100% + 0px ) !important;margin-left: calc(-0px \/ 2 );margin-right: calc(-0px \/ 2 );\"><div class=\"fusion-layout-column fusion_builder_column fusion-builder-column-5 fusion_builder_column_5_6 5_6 fusion-flex-column\" style=\"--awb-padding-right:15px;--awb-padding-left:15px;--awb-padding-right-medium:10px;--awb-padding-left-medium:10px;--awb-padding-right-small:0px;--awb-padding-left-small:0px;--awb-bg-blend:overlay;--awb-bg-size:cover;--awb-transition:filter 0ms ease, transform 0ms ease, background-color 0ms ease, border-color 0ms ease;--awb-width-large:83.333333333333%;--awb-margin-top-large:15px;--awb-spacing-right-large:0px;--awb-margin-bottom-large:30px;--awb-spacing-left-large:0px;--awb-width-medium:100%;--awb-order-medium:0;--awb-spacing-right-medium:0px;--awb-spacing-left-medium:0px;--awb-width-small:100%;--awb-order-small:0;--awb-spacing-right-small:0px;--awb-spacing-left-small:0px;\" data-scroll-devices=\"small-visibility,medium-visibility,large-visibility\"><div class=\"fusion-column-wrapper fusion-column-has-shadow fusion-flex-justify-content-flex-start fusion-content-layout-column\"><div class=\"fusion-title title fusion-title-6 fusion-sep-none fusion-title-center fusion-title-text fusion-title-size-two\" style=\"--awb-margin-top:10px;--awb-margin-top-small:20px;--awb-margin-right-small:0px;--awb-margin-bottom-small:20px;--awb-margin-left-small:0px;--awb-margin-right-medium:0px;--awb-margin-left-medium:0px;--awb-font-size:35px;\"><h2 class=\"fusion-title-heading title-heading-center fusion-responsive-typography-calculated\" style=\"margin:0;font-size:1em;--fontSize:35;line-height:var(--awb-typography1-line-height);\">Cinq types de proth\u00e8ses dentaires s\u2019offrent \u00e0 vous<\/h2><\/div><div class=\"fusion-separator\" style=\"align-self: center;margin-left: auto;margin-right: auto;margin-bottom:75px;width:100%;max-width:280px;\"><div class=\"fusion-separator-border sep-single sep-solid\" style=\"--awb-height:20px;--awb-amount:20px;border-color:var(--awb-color3);border-top-width:1px;\"><\/div><\/div><div class=\"fusion-text fusion-text-8\" style=\"--awb-line-height:1.2;\"><p style=\"text-align: center;\">Que ce soit pour am\u00e9liorer votre apparence ou pour des raisons de sant\u00e9, nous vous aiderons \u00e0 choisir la proth\u00e8se qui vous convient.<\/p>\n<\/div><div class=\"fusion-text fusion-text-9\" style=\"--awb-line-height:1.2em;--awb-margin-right:0px;--awb-margin-left:0px;\"><p style=\"text-align: center; color: var(--awb-color3); font-size: 24px; line-height: 34px;\"><em>Votre denturologiste est un professionnel de la sant\u00e9 reconnu pour la fabrication, la pose et l&rsquo;ajustement de proth\u00e8ses dentaires.<\/em><\/p>\n<\/div><\/div><\/div><\/div><\/div><\/div><div class=\"fusion-fullwidth fullwidth-box fusion-builder-row-4 fusion-flex-container has-pattern-background has-mask-background hundred-percent-fullwidth non-hundred-percent-height-scrolling\" style=\"--awb-border-sizes-bottom:0px;--awb-border-radius-top-left:0px;--awb-border-radius-top-right:0px;--awb-border-radius-bottom-right:0px;--awb-border-radius-bottom-left:0px;--awb-padding-right:0px;--awb-padding-bottom:70px;--awb-padding-left:0px;--awb-padding-right-small:0px;--awb-padding-bottom-small:30px;--awb-padding-left-small:0px;--awb-margin-bottom-small:0px;--awb-background-color:var(--awb-color2);--awb-flex-wrap:wrap;\" ><div class=\"fusion-builder-row fusion-row fusion-flex-align-items-flex-start fusion-flex-justify-content-center fusion-flex-content-wrap\" style=\"width:104% !important;max-width:104% !important;margin-left: calc(-4% \/ 2 );margin-right: calc(-4% \/ 2 );\"><div class=\"fusion-layout-column fusion_builder_column fusion-builder-column-6 fusion_builder_column_1_3 1_3 fusion-flex-column fusion-flex-align-self-flex-start\" style=\"--awb-padding-right:15px;--awb-padding-left:15px;--awb-padding-right-medium:0px;--awb-padding-left-medium:0px;--awb-padding-right-small:0px;--awb-padding-left-small:0ox;--awb-bg-color:var(--awb-color2);--awb-bg-color-hover:var(--awb-color2);--awb-bg-size:cover;--awb-width-large:33.333333333333%;--awb-margin-top-large:15px;--awb-spacing-right-large:5.76%;--awb-margin-bottom-large:15px;--awb-spacing-left-large:5.76%;--awb-width-medium:100%;--awb-order-medium:0;--awb-spacing-right-medium:0px;--awb-spacing-left-medium:0px;--awb-width-small:100%;--awb-order-small:0;--awb-spacing-right-small:0px;--awb-spacing-left-small:0px;\" data-scroll-devices=\"small-visibility,medium-visibility,large-visibility\"><div class=\"fusion-column-wrapper fusion-column-has-shadow fusion-flex-justify-content-center fusion-content-layout-column\"><div class=\"fusion-image-element \" style=\"text-align:center;--awb-margin-bottom:20px;--awb-margin-right-medium:0px;--awb-margin-left-medium:0px;--awb-margin-right-small:0px;--awb-margin-left-small:0px;--awb-caption-title-font-family:var(--h2_typography-font-family);--awb-caption-title-font-weight:var(--h2_typography-font-weight);--awb-caption-title-font-style:var(--h2_typography-font-style);--awb-caption-title-size:var(--h2_typography-font-size);--awb-caption-title-transform:var(--h2_typography-text-transform);--awb-caption-title-line-height:var(--h2_typography-line-height);--awb-caption-title-letter-spacing:var(--h2_typography-letter-spacing);\"><span class=\" fusion-imageframe imageframe-none imageframe-4 hover-type-none\"><img decoding=\"async\" width=\"400\" height=\"373\" alt=\"Proth\u00e8ses dentaires partielles et compl\u00e8tes de pr\u00e9cision\" title=\"Proth\u00e8ses partielles et compl\u00e8tes de pr\u00e9cision\" src=\"https:\/\/denturologisterivenord.com\/wp-content\/uploads\/2022\/10\/prothese-partielle-completes-precision-1.jpg\" data-orig-src=\"https:\/\/denturologisterivenord.com\/wp-content\/uploads\/2022\/10\/prothese-partielle-completes-precision-1.jpg\" class=\"lazyload img-responsive wp-image-1069\" srcset=\"data:image\/svg+xml,%3Csvg%20xmlns%3D%27http%3A%2F%2Fwww.w3.org%2F2000%2Fsvg%27%20width%3D%27400%27%20height%3D%27373%27%20viewBox%3D%270%200%20400%20373%27%3E%3Crect%20width%3D%27400%27%20height%3D%27373%27%20fill-opacity%3D%220%22%2F%3E%3C%2Fsvg%3E\" data-srcset=\"https:\/\/denturologisterivenord.com\/wp-content\/uploads\/2022\/10\/prothese-partielle-completes-precision-1-200x187.jpg 200w, https:\/\/denturologisterivenord.com\/wp-content\/uploads\/2022\/10\/prothese-partielle-completes-precision-1.jpg 400w\" data-sizes=\"auto\" data-orig-sizes=\"(max-width: 908px) 100vw, (max-width: 640px) 100vw, 400px\" \/><\/span><\/div><div class=\"fusion-title title fusion-title-7 fusion-sep-none fusion-title-center fusion-title-text fusion-title-size-three\" style=\"--awb-text-color:var(--awb-color3);--awb-margin-top:15px;--awb-margin-right:30px;--awb-margin-bottom:20px;--awb-margin-left:30px;--awb-margin-top-small:0px;--awb-margin-right-small:30px;--awb-margin-bottom-small:20px;--awb-margin-left-small:30px;--awb-font-size:23px;\"><h3 class=\"fusion-title-heading title-heading-center fusion-responsive-typography-calculated\" style=\"margin:0;letter-spacing:0px;font-size:1em;--fontSize:23;--minFontSize:23;line-height:var(--awb-typography1-line-height);\"><a href=\"https:\/\/otpadq.com\/types-de-protheses\/\" target=\"_blank\" rel=\"noopener\">Partielles et compl\u00e8tes de pr\u00e9cision<\/a><\/h3><\/div><div class=\"fusion-text fusion-text-10\" style=\"--awb-font-size:.8em;--awb-margin-right:15px;--awb-margin-left:15px;\"><p>Les proth\u00e8ses partielles et compl\u00e8tes de pr\u00e9cision offrent une solution sur mesure pour remplacer les dents manquantes et restaurer la fonctionnalit\u00e9 de la bouche.<\/p>\n<p>Con\u00e7ues avec un ajustement pr\u00e9cis et des mat\u00e9riaux de qualit\u00e9, elles assurent confort, durabilit\u00e9 et esth\u00e9tique naturelle. Elles permettent de retrouver confiance en son sourire et d\u2019am\u00e9liorer la mastication au quotidien.<\/p>\n<\/div><\/div><\/div><div class=\"fusion-layout-column fusion_builder_column fusion-builder-column-7 fusion_builder_column_1_3 1_3 fusion-flex-column\" style=\"--awb-padding-right:15px;--awb-padding-bottom:27px;--awb-padding-left:15px;--awb-padding-right-small:0px;--awb-padding-left-small:0px;--awb-bg-color:var(--awb-color2);--awb-bg-color-hover:var(--awb-color2);--awb-bg-size:cover;--awb-width-large:33.333333333333%;--awb-margin-top-large:15px;--awb-spacing-right-large:5.76%;--awb-margin-bottom-large:15px;--awb-spacing-left-large:5.76%;--awb-width-medium:100%;--awb-order-medium:0;--awb-spacing-right-medium:1.92%;--awb-spacing-left-medium:1.92%;--awb-width-small:100%;--awb-order-small:0;--awb-spacing-right-small:0px;--awb-spacing-left-small:0px;\" data-scroll-devices=\"small-visibility,medium-visibility,large-visibility\"><div class=\"fusion-column-wrapper fusion-column-has-shadow fusion-flex-justify-content-flex-start fusion-content-layout-column\"><div class=\"fusion-image-element \" style=\"text-align:center;--awb-margin-bottom:20px;--awb-caption-title-font-family:var(--h2_typography-font-family);--awb-caption-title-font-weight:var(--h2_typography-font-weight);--awb-caption-title-font-style:var(--h2_typography-font-style);--awb-caption-title-size:var(--h2_typography-font-size);--awb-caption-title-transform:var(--h2_typography-text-transform);--awb-caption-title-line-height:var(--h2_typography-line-height);--awb-caption-title-letter-spacing:var(--h2_typography-letter-spacing);\"><span class=\" fusion-imageframe imageframe-none imageframe-5 hover-type-none\"><img decoding=\"async\" width=\"400\" height=\"373\" alt=\"Partielles sans palais\" title=\"Partielles sans palais\" src=\"https:\/\/denturologisterivenord.com\/wp-content\/uploads\/2022\/10\/partielles-sans-palais.jpg\" data-orig-src=\"https:\/\/denturologisterivenord.com\/wp-content\/uploads\/2022\/10\/partielles-sans-palais.jpg\" class=\"lazyload img-responsive wp-image-1071\" srcset=\"data:image\/svg+xml,%3Csvg%20xmlns%3D%27http%3A%2F%2Fwww.w3.org%2F2000%2Fsvg%27%20width%3D%27400%27%20height%3D%27373%27%20viewBox%3D%270%200%20400%20373%27%3E%3Crect%20width%3D%27400%27%20height%3D%27373%27%20fill-opacity%3D%220%22%2F%3E%3C%2Fsvg%3E\" data-srcset=\"https:\/\/denturologisterivenord.com\/wp-content\/uploads\/2022\/10\/partielles-sans-palais-200x187.jpg 200w, https:\/\/denturologisterivenord.com\/wp-content\/uploads\/2022\/10\/partielles-sans-palais.jpg 400w\" data-sizes=\"auto\" data-orig-sizes=\"(max-width: 908px) 100vw, (max-width: 640px) 100vw, 400px\" \/><\/span><\/div><div class=\"fusion-title title fusion-title-8 fusion-sep-none fusion-title-center fusion-title-text fusion-title-size-three\" style=\"--awb-text-color:var(--awb-color3);--awb-margin-top:15px;--awb-margin-right:30px;--awb-margin-bottom:20px;--awb-margin-left:30px;--awb-margin-top-small:0px;--awb-margin-right-small:30px;--awb-margin-bottom-small:20px;--awb-margin-left-small:30px;--awb-font-size:23px;\"><h3 class=\"fusion-title-heading title-heading-center fusion-responsive-typography-calculated\" style=\"margin:0;letter-spacing:0px;font-size:1em;--fontSize:23;--minFontSize:23;line-height:var(--awb-typography1-line-height);\"><a href=\"https:\/\/maviedesenior.com\/bien-etre\/un-dentier-sans-palais-pour-retrouver-le-sourire\" target=\"_blank\" rel=\"noopener\">Partielles sans palais<\/a><\/h3><\/div><div class=\"fusion-text fusion-text-11\" style=\"--awb-font-size:.8em;--awb-margin-right:15px;--awb-margin-left:15px;\"><p>Les proth\u00e8ses partielles sans palais offrent une alternative l\u00e9g\u00e8re et discr\u00e8te pour remplacer les dents manquantes. Confortables et stables, elles laissent le palais libre, favorisant une sensation naturelle et une meilleure perception du go\u00fbt.<\/p>\n<p>Elles combinent esth\u00e9tique et fonctionnalit\u00e9 pour retrouver un sourire harmonieux et une mastication efficace.<\/p>\n<\/div><\/div><\/div><div class=\"fusion-layout-column fusion_builder_column fusion-builder-column-8 fusion_builder_column_1_3 1_3 fusion-flex-column\" style=\"--awb-padding-right:15px;--awb-padding-left:15px;--awb-padding-right-small:0px;--awb-padding-left-small:0px;--awb-bg-color:var(--awb-color2);--awb-bg-color-hover:var(--awb-color2);--awb-bg-size:cover;--awb-width-large:33.333333333333%;--awb-margin-top-large:15px;--awb-spacing-right-large:5.76%;--awb-margin-bottom-large:15px;--awb-spacing-left-large:5.76%;--awb-width-medium:100%;--awb-order-medium:0;--awb-spacing-right-medium:1.92%;--awb-spacing-left-medium:1.92%;--awb-width-small:100%;--awb-order-small:0;--awb-spacing-right-small:0px;--awb-spacing-left-small:0px;\" data-scroll-devices=\"small-visibility,medium-visibility,large-visibility\"><div class=\"fusion-column-wrapper fusion-column-has-shadow fusion-flex-justify-content-flex-start fusion-content-layout-column\"><div class=\"fusion-image-element \" style=\"text-align:center;--awb-margin-bottom:20px;--awb-caption-title-font-family:var(--h2_typography-font-family);--awb-caption-title-font-weight:var(--h2_typography-font-weight);--awb-caption-title-font-style:var(--h2_typography-font-style);--awb-caption-title-size:var(--h2_typography-font-size);--awb-caption-title-transform:var(--h2_typography-text-transform);--awb-caption-title-line-height:var(--h2_typography-line-height);--awb-caption-title-letter-spacing:var(--h2_typography-letter-spacing);\"><span class=\" fusion-imageframe imageframe-none imageframe-6 hover-type-none\"><img decoding=\"async\" width=\"400\" height=\"373\" alt=\"Proth\u00e8se dentaire compl\u00e8tes esth\u00e9tiques avec palais transparent\" title=\"Compl\u00e8tes esth\u00e9tiques avec palais transparent\" src=\"https:\/\/denturologisterivenord.com\/wp-content\/uploads\/2022\/10\/completes-esthetiques-avec-palais-transparent.jpg\" data-orig-src=\"https:\/\/denturologisterivenord.com\/wp-content\/uploads\/2022\/10\/completes-esthetiques-avec-palais-transparent.jpg\" class=\"lazyload img-responsive wp-image-1073\" srcset=\"data:image\/svg+xml,%3Csvg%20xmlns%3D%27http%3A%2F%2Fwww.w3.org%2F2000%2Fsvg%27%20width%3D%27400%27%20height%3D%27373%27%20viewBox%3D%270%200%20400%20373%27%3E%3Crect%20width%3D%27400%27%20height%3D%27373%27%20fill-opacity%3D%220%22%2F%3E%3C%2Fsvg%3E\" data-srcset=\"https:\/\/denturologisterivenord.com\/wp-content\/uploads\/2022\/10\/completes-esthetiques-avec-palais-transparent-200x187.jpg 200w, https:\/\/denturologisterivenord.com\/wp-content\/uploads\/2022\/10\/completes-esthetiques-avec-palais-transparent.jpg 400w\" data-sizes=\"auto\" data-orig-sizes=\"(max-width: 908px) 100vw, (max-width: 640px) 100vw, 400px\" \/><\/span><\/div><div class=\"fusion-title title fusion-title-9 fusion-sep-none fusion-title-center fusion-title-text fusion-title-size-three\" style=\"--awb-text-color:var(--awb-color3);--awb-margin-top:15px;--awb-margin-right:30px;--awb-margin-bottom:20px;--awb-margin-left:30px;--awb-margin-top-small:0px;--awb-margin-right-small:30px;--awb-margin-bottom-small:20px;--awb-margin-left-small:30px;--awb-font-size:23px;\"><h3 class=\"fusion-title-heading title-heading-center fusion-responsive-typography-calculated\" style=\"margin:0;letter-spacing:0px;font-size:1em;--fontSize:23;--minFontSize:23;line-height:var(--awb-typography1-line-height);\"><a href=\"https:\/\/lebelage.ca\/sante\/diagnostic\/traitement-des-dents-manquantes-les-options\/\" target=\"_blank\" rel=\"noopener\">Compl\u00e8tes esth\u00e9tiques avec palais transparent<\/a><\/h3><\/div><div class=\"fusion-text fusion-text-12\" style=\"--awb-font-size:.8em;--awb-margin-right:15px;--awb-margin-left:15px;\"><p>Les proth\u00e8ses compl\u00e8tes esth\u00e9tiques avec palais transparent allient confort, discr\u00e9tion et beaut\u00e9 naturelle.<\/p>\n<p>Con\u00e7ues pour s\u2019harmoniser parfaitement avec votre sourire, elles offrent une excellente stabilit\u00e9 tout en rendant le palais moins visible. Leur conception raffin\u00e9e permet de retrouver confiance, fonctionnalit\u00e9 et plaisir de manger en toute tranquillit\u00e9.<\/p>\n<\/div><\/div><\/div><div class=\"fusion-layout-column fusion_builder_column fusion-builder-column-9 fusion_builder_column_1_3 1_3 fusion-flex-column\" style=\"--awb-padding-right:15px;--awb-padding-left:15px;--awb-padding-right-small:0px;--awb-padding-left-small:0px;--awb-bg-color:var(--awb-color2);--awb-bg-color-hover:var(--awb-color2);--awb-bg-size:cover;--awb-width-large:33.333333333333%;--awb-margin-top-large:15px;--awb-spacing-right-large:5.76%;--awb-margin-bottom-large:15px;--awb-spacing-left-large:5.76%;--awb-width-medium:100%;--awb-order-medium:0;--awb-spacing-right-medium:1.92%;--awb-spacing-left-medium:1.92%;--awb-width-small:100%;--awb-order-small:0;--awb-spacing-right-small:0px;--awb-spacing-left-small:0px;\" data-scroll-devices=\"small-visibility,medium-visibility,large-visibility\"><div class=\"fusion-column-wrapper fusion-column-has-shadow fusion-flex-justify-content-flex-start fusion-content-layout-column\"><div class=\"fusion-image-element md-text-align-center\" style=\"--awb-margin-bottom:20px;--awb-margin-right-medium:0px;--awb-margin-left-medium:0px;--awb-caption-title-font-family:var(--h2_typography-font-family);--awb-caption-title-font-weight:var(--h2_typography-font-weight);--awb-caption-title-font-style:var(--h2_typography-font-style);--awb-caption-title-size:var(--h2_typography-font-size);--awb-caption-title-transform:var(--h2_typography-text-transform);--awb-caption-title-line-height:var(--h2_typography-line-height);--awb-caption-title-letter-spacing:var(--h2_typography-letter-spacing);\"><span class=\" fusion-imageframe imageframe-none imageframe-7 hover-type-none\"><img decoding=\"async\" width=\"400\" height=\"373\" alt=\"Proth\u00e8ses dentaires imm\u00e9diates et de transitions\" title=\"Proth\u00e8ses imm\u00e9diates et de transitions\" src=\"https:\/\/denturologisterivenord.com\/wp-content\/uploads\/2022\/10\/protheses-immediates-transitions-2.jpg\" data-orig-src=\"https:\/\/denturologisterivenord.com\/wp-content\/uploads\/2022\/10\/protheses-immediates-transitions-2.jpg\" class=\"lazyload img-responsive wp-image-1078\" srcset=\"data:image\/svg+xml,%3Csvg%20xmlns%3D%27http%3A%2F%2Fwww.w3.org%2F2000%2Fsvg%27%20width%3D%27400%27%20height%3D%27373%27%20viewBox%3D%270%200%20400%20373%27%3E%3Crect%20width%3D%27400%27%20height%3D%27373%27%20fill-opacity%3D%220%22%2F%3E%3C%2Fsvg%3E\" data-srcset=\"https:\/\/denturologisterivenord.com\/wp-content\/uploads\/2022\/10\/protheses-immediates-transitions-2-200x187.jpg 200w, https:\/\/denturologisterivenord.com\/wp-content\/uploads\/2022\/10\/protheses-immediates-transitions-2.jpg 400w\" data-sizes=\"auto\" data-orig-sizes=\"(max-width: 908px) 100vw, (max-width: 640px) 100vw, 400px\" \/><\/span><\/div><div class=\"fusion-title title fusion-title-10 fusion-sep-none fusion-title-center fusion-title-text fusion-title-size-three\" style=\"--awb-text-color:var(--awb-color3);--awb-margin-top:15px;--awb-margin-right:30px;--awb-margin-bottom:20px;--awb-margin-left:30px;--awb-margin-top-small:0px;--awb-margin-right-small:30px;--awb-margin-bottom-small:20px;--awb-margin-left-small:30px;--awb-font-size:23px;\"><h3 class=\"fusion-title-heading title-heading-center fusion-responsive-typography-calculated\" style=\"margin:0;letter-spacing:0px;font-size:1em;--fontSize:23;--minFontSize:23;line-height:var(--awb-typography1-line-height);\"><a href=\"https:\/\/otpadq.com\/types-de-protheses\/\" target=\"_blank\" rel=\"noopener\">Proth\u00e8ses imm\u00e9diates et de transitions<\/a><\/h3><\/div><div class=\"fusion-text fusion-text-13\" style=\"--awb-font-size:.8em;--awb-margin-right:15px;--awb-margin-left:15px;\"><p>Les proth\u00e8ses dentaires imm\u00e9diates et de transition permettent de remplacer rapidement les dents extraites, assurant ainsi esth\u00e9tique et fonctionnalit\u00e9 d\u00e8s le premier jour.<\/p>\n<p>Elles facilitent l\u2019adaptation progressive \u00e0 la proth\u00e8se d\u00e9finitive et favorisent la gu\u00e9rison des gencives, tout en maintenant le sourire et la confiance pendant la p\u00e9riode de transition.<\/p>\n<\/div><\/div><\/div><div class=\"fusion-layout-column fusion_builder_column fusion-builder-column-10 fusion_builder_column_1_3 1_3 fusion-flex-column\" style=\"--awb-padding-right:15px;--awb-padding-bottom:27px;--awb-padding-left:15px;--awb-padding-right-small:0px;--awb-padding-bottom-small:0px;--awb-padding-left-small:0px;--awb-bg-color:var(--awb-color2);--awb-bg-color-hover:var(--awb-color2);--awb-bg-size:cover;--awb-width-large:33.333333333333%;--awb-margin-top-large:15px;--awb-spacing-right-large:5.76%;--awb-margin-bottom-large:15px;--awb-spacing-left-large:5.76%;--awb-width-medium:100%;--awb-order-medium:0;--awb-spacing-right-medium:1.92%;--awb-spacing-left-medium:1.92%;--awb-width-small:100%;--awb-order-small:0;--awb-spacing-right-small:0px;--awb-margin-bottom-small:0px;--awb-spacing-left-small:0px;\" data-scroll-devices=\"small-visibility,medium-visibility,large-visibility\"><div class=\"fusion-column-wrapper fusion-column-has-shadow fusion-flex-justify-content-flex-start fusion-content-layout-column\"><div class=\"fusion-image-element md-text-align-center\" style=\"--awb-margin-bottom:20px;--awb-caption-title-font-family:var(--h2_typography-font-family);--awb-caption-title-font-weight:var(--h2_typography-font-weight);--awb-caption-title-font-style:var(--h2_typography-font-style);--awb-caption-title-size:var(--h2_typography-font-size);--awb-caption-title-transform:var(--h2_typography-text-transform);--awb-caption-title-line-height:var(--h2_typography-line-height);--awb-caption-title-letter-spacing:var(--h2_typography-letter-spacing);\"><span class=\" fusion-imageframe imageframe-none imageframe-8 hover-type-none\"><img decoding=\"async\" width=\"400\" height=\"373\" alt=\"Proth\u00e8se dentaire \u00e0 base molle\" title=\"Proth\u00e8se \u00e0 base molle\" src=\"https:\/\/denturologisterivenord.com\/wp-content\/uploads\/2022\/10\/prothese-base-molle.jpg\" data-orig-src=\"https:\/\/denturologisterivenord.com\/wp-content\/uploads\/2022\/10\/prothese-base-molle.jpg\" class=\"lazyload img-responsive wp-image-1080\" srcset=\"data:image\/svg+xml,%3Csvg%20xmlns%3D%27http%3A%2F%2Fwww.w3.org%2F2000%2Fsvg%27%20width%3D%27400%27%20height%3D%27373%27%20viewBox%3D%270%200%20400%20373%27%3E%3Crect%20width%3D%27400%27%20height%3D%27373%27%20fill-opacity%3D%220%22%2F%3E%3C%2Fsvg%3E\" data-srcset=\"https:\/\/denturologisterivenord.com\/wp-content\/uploads\/2022\/10\/prothese-base-molle-200x187.jpg 200w, https:\/\/denturologisterivenord.com\/wp-content\/uploads\/2022\/10\/prothese-base-molle.jpg 400w\" data-sizes=\"auto\" data-orig-sizes=\"(max-width: 908px) 100vw, (max-width: 640px) 100vw, 400px\" \/><\/span><\/div><div class=\"fusion-title title fusion-title-11 fusion-sep-none fusion-title-center fusion-title-text fusion-title-size-three\" style=\"--awb-text-color:var(--awb-color3);--awb-margin-top:15px;--awb-margin-right:30px;--awb-margin-bottom:20px;--awb-margin-left:30px;--awb-margin-top-small:0px;--awb-margin-right-small:30px;--awb-margin-bottom-small:20px;--awb-margin-left-small:30px;--awb-font-size:23px;\"><h3 class=\"fusion-title-heading title-heading-center fusion-responsive-typography-calculated\" style=\"margin:0;letter-spacing:0px;font-size:1em;--fontSize:23;--minFontSize:23;line-height:var(--awb-typography1-line-height);\"><a href=\"https:\/\/otpadq.com\/types-de-protheses\/\" target=\"_blank\" rel=\"noopener\">Proth\u00e8se \u00e0 base molle<\/a><\/h3><\/div><div class=\"fusion-text fusion-text-14\" style=\"--awb-font-size:.8em;--awb-margin-right:15px;--awb-margin-left:15px;\"><p>La proth\u00e8se dentaire \u00e0 base molle offre un confort sup\u00e9rieur gr\u00e2ce \u00e0 sa base souple qui \u00e9pouse d\u00e9licatement les gencives. Id\u00e9ale pour les gencives sensibles, elle r\u00e9duit les points de pression et am\u00e9liore la stabilit\u00e9.<\/p>\n<p>Cette solution allie douceur, adaptation facile et fonctionnalit\u00e9 pour un port agr\u00e9able au quotidien.<\/p>\n<\/div><\/div><\/div><\/div><\/div><div class=\"fusion-fullwidth fullwidth-box fusion-builder-row-5 fusion-flex-container has-pattern-background has-mask-background fusion-parallax-none nonhundred-percent-fullwidth non-hundred-percent-height-scrolling lazyload\" style=\"--awb-background-position:center bottom;--awb-background-repeat:repeat-x;--awb-border-sizes-top:0;--awb-border-radius-top-left:0px;--awb-border-radius-top-right:0px;--awb-border-radius-bottom-right:0px;--awb-border-radius-bottom-left:0px;--awb-padding-top:80px;--awb-padding-bottom:20px;--awb-padding-top-small:0px;--awb-padding-right-small:0px;--awb-padding-left-small:0px;--awb-margin-top-small:0px;--awb-background-color:var(--awb-color1);--awb-flex-wrap:wrap;\" data-bg=\"https:\/\/denturologisterivenord.com\/wp-content\/uploads\/2017\/11\/services-bg3_26-e1518615760726.jpg\" ><div class=\"fusion-builder-row fusion-row fusion-flex-align-items-flex-start fusion-flex-justify-content-center fusion-flex-content-wrap\" style=\"max-width:calc( 1100px + 0px );margin-left: calc(-0px \/ 2 );margin-right: calc(-0px \/ 2 );\"><div class=\"fusion-layout-column fusion_builder_column fusion-builder-column-11 fusion_builder_column_4_5 4_5 fusion-flex-column\" style=\"--awb-padding-right:30px;--awb-padding-left:30px;--awb-padding-top-small:30px;--awb-padding-right-small:0px;--awb-padding-left-small:0px;--awb-bg-blend:overlay;--awb-bg-size:cover;--awb-width-large:80%;--awb-margin-top-large:15px;--awb-spacing-right-large:0px;--awb-margin-bottom-large:40px;--awb-spacing-left-large:0px;--awb-width-medium:100%;--awb-order-medium:0;--awb-spacing-right-medium:0px;--awb-spacing-left-medium:0px;--awb-width-small:100%;--awb-order-small:0;--awb-margin-top-small:30px;--awb-spacing-right-small:0px;--awb-spacing-left-small:0px;\"><div class=\"fusion-column-wrapper fusion-column-has-shadow fusion-flex-justify-content-flex-start fusion-content-layout-column\"><div class=\"fusion-title title fusion-title-12 fusion-sep-none fusion-title-center fusion-title-text fusion-title-size-two\" style=\"--awb-margin-top:0px;--awb-margin-top-small:0px;--awb-margin-right-small:0px;--awb-margin-bottom-small:20px;--awb-margin-left-small:0px;\"><h2 class=\"fusion-title-heading title-heading-center fusion-responsive-typography-calculated\" style=\"margin:0;--fontSize:45;line-height:var(--awb-typography1-line-height);\">Services de denturologie offerts<\/h2><\/div><div class=\"fusion-separator\" style=\"align-self: center;margin-left: auto;margin-right: auto;margin-bottom:15px;width:100%;max-width:180px;\"><div class=\"fusion-separator-border sep-single sep-solid\" style=\"--awb-height:20px;--awb-amount:20px;border-color:var(--awb-color3);border-top-width:1px;\"><\/div><\/div><div class=\"fusion-text fusion-text-15\" style=\"--awb-margin-top:25px;\"><p style=\"text-align: center;\">Nous offrons une vaste gamme de produits et service \u00e0 la fine pointe de la technologie.<\/p>\n<\/div><div class=\"fusion-title title fusion-title-13 fusion-sep-none fusion-title-text fusion-title-size-two\" style=\"--awb-text-color:var(--awb-color3);--awb-margin-top:60px;--awb-margin-bottom:0px;--awb-margin-top-small:0px;--awb-margin-right-small:0px;--awb-margin-bottom-small:20px;--awb-margin-left-small:0px;--awb-font-size:36px;\"><h2 class=\"fusion-title-heading title-heading-left sm-text-align-center fusion-responsive-typography-calculated\" style=\"margin:0;font-size:1em;--fontSize:36;line-height:var(--awb-typography1-line-height);\"><p style=\"text-align: center;\">Pour un sourire magnifique<\/p>\n<div class=\"notranslate\" style=\"all: initial;\"><\/div><\/h2><\/div><\/div><\/div><div class=\"fusion-layout-column fusion_builder_column fusion-builder-column-12 fusion_builder_column_1_3 1_3 fusion-flex-column\" style=\"--awb-padding-right:10px;--awb-padding-bottom:20px;--awb-padding-left:10px;--awb-bg-blend:overlay;--awb-bg-size:cover;--awb-width-large:33.333333333333%;--awb-margin-top-large:15px;--awb-spacing-right-large:15px;--awb-margin-bottom-large:15px;--awb-spacing-left-large:0px;--awb-width-medium:100%;--awb-order-medium:0;--awb-spacing-right-medium:0px;--awb-spacing-left-medium:0px;--awb-width-small:100%;--awb-order-small:0;--awb-spacing-right-small:0px;--awb-spacing-left-small:0px;\"><div class=\"fusion-column-wrapper fusion-column-has-shadow fusion-flex-justify-content-center fusion-content-layout-column\"><div class=\"fusion-image-element \" style=\"text-align:center;--awb-caption-title-font-family:var(--h2_typography-font-family);--awb-caption-title-font-weight:var(--h2_typography-font-weight);--awb-caption-title-font-style:var(--h2_typography-font-style);--awb-caption-title-size:var(--h2_typography-font-size);--awb-caption-title-transform:var(--h2_typography-text-transform);--awb-caption-title-line-height:var(--h2_typography-line-height);--awb-caption-title-letter-spacing:var(--h2_typography-letter-spacing);\"><span class=\" fusion-imageframe imageframe-none imageframe-9 hover-type-none\"><a class=\"fusion-no-lightbox\" href=\"https:\/\/otpadq.com\/types-de-protheses\/\" target=\"_blank\" aria-label=\"Proth\u00e8ses dentaires\" rel=\"noopener noreferrer\"><img decoding=\"async\" width=\"64\" height=\"64\" alt=\"Fabrication de proth\u00e8ses dentaires amovibles\" src=\"data:image\/svg+xml,%3Csvg%20xmlns%3D%27http%3A%2F%2Fwww.w3.org%2F2000%2Fsvg%27%20width%3D%2764%27%20height%3D%2764%27%20viewBox%3D%270%200%2064%2064%27%3E%3Crect%20width%3D%2764%27%20height%3D%2764%27%20fill-opacity%3D%220%22%2F%3E%3C%2Fsvg%3E\" data-orig-src=\"https:\/\/denturologisterivenord.com\/wp-content\/uploads\/2022\/10\/protheses-dentaires.png\" class=\"lazyload img-responsive wp-image-1096\"\/><\/a><\/span><\/div><div class=\"fusion-separator fusion-full-width-sep\" style=\"align-self: center;margin-left: auto;margin-right: auto;margin-top:20px;width:100%;\"><\/div><div class=\"fusion-title title fusion-title-14 fusion-sep-none fusion-title-center fusion-title-text fusion-title-size-four\" style=\"--awb-margin-top-small:0px;--awb-margin-right-small:0px;--awb-margin-bottom-small:20px;--awb-margin-left-small:0px;\"><h4 class=\"fusion-title-heading title-heading-center fusion-responsive-typography-calculated\" style=\"margin:0;text-transform:uppercase;--fontSize:19;--minFontSize:19;line-height:1.4;\">Fabrication de proth\u00e8ses dentaires amovibles<\/h4><\/div><div class=\"fusion-separator fusion-full-width-sep\" style=\"align-self: center;margin-left: auto;margin-right: auto;margin-top:15px;width:100%;\"><\/div><\/div><\/div><div class=\"fusion-layout-column fusion_builder_column fusion-builder-column-13 fusion_builder_column_1_3 1_3 fusion-flex-column\" style=\"--awb-padding-top:10px;--awb-padding-right:50px;--awb-padding-bottom:20px;--awb-padding-left:50px;--awb-bg-blend:overlay;--awb-bg-size:cover;--awb-width-large:33.333333333333%;--awb-margin-top-large:15px;--awb-spacing-right-large:15px;--awb-margin-bottom-large:15px;--awb-spacing-left-large:15px;--awb-width-medium:100%;--awb-order-medium:0;--awb-spacing-right-medium:0px;--awb-spacing-left-medium:0px;--awb-width-small:100%;--awb-order-small:0;--awb-spacing-right-small:0px;--awb-spacing-left-small:0px;\"><div class=\"fusion-column-wrapper fusion-column-has-shadow fusion-flex-justify-content-center fusion-content-layout-column\"><div class=\"fusion-image-element \" style=\"text-align:center;--awb-caption-title-font-family:var(--h2_typography-font-family);--awb-caption-title-font-weight:var(--h2_typography-font-weight);--awb-caption-title-font-style:var(--h2_typography-font-style);--awb-caption-title-size:var(--h2_typography-font-size);--awb-caption-title-transform:var(--h2_typography-text-transform);--awb-caption-title-line-height:var(--h2_typography-line-height);--awb-caption-title-letter-spacing:var(--h2_typography-letter-spacing);\"><span class=\" fusion-imageframe imageframe-none imageframe-10 hover-type-none\"><a class=\"fusion-no-lightbox\" href=\"https:\/\/www.adq-qc.com\/public\/\" target=\"_blank\" aria-label=\"Proth\u00e8ses dentaires\" rel=\"noopener noreferrer\"><img decoding=\"async\" width=\"64\" height=\"64\" alt=\"Nettoyage et polissage de proth\u00e8ses dentaires\" src=\"data:image\/svg+xml,%3Csvg%20xmlns%3D%27http%3A%2F%2Fwww.w3.org%2F2000%2Fsvg%27%20width%3D%2764%27%20height%3D%2764%27%20viewBox%3D%270%200%2064%2064%27%3E%3Crect%20width%3D%2764%27%20height%3D%2764%27%20fill-opacity%3D%220%22%2F%3E%3C%2Fsvg%3E\" data-orig-src=\"https:\/\/denturologisterivenord.com\/wp-content\/uploads\/2022\/10\/protheses-dentaires.png\" class=\"lazyload img-responsive wp-image-1096\"\/><\/a><\/span><\/div><div class=\"fusion-separator fusion-full-width-sep\" style=\"align-self: center;margin-left: auto;margin-right: auto;margin-top:20px;width:100%;\"><\/div><div class=\"fusion-title title fusion-title-15 fusion-sep-none fusion-title-center fusion-title-text fusion-title-size-four\" style=\"--awb-margin-top-small:0px;--awb-margin-right-small:0px;--awb-margin-bottom-small:20px;--awb-margin-left-small:0px;\"><h4 class=\"fusion-title-heading title-heading-center fusion-responsive-typography-calculated\" style=\"margin:0;text-transform:uppercase;--fontSize:19;--minFontSize:19;line-height:1.4;\">Nettoyage et polissage<\/h4><\/div><div class=\"fusion-separator fusion-full-width-sep\" style=\"align-self: center;margin-left: auto;margin-right: auto;margin-top:15px;width:100%;\"><\/div><\/div><\/div><div class=\"fusion-layout-column fusion_builder_column fusion-builder-column-14 fusion_builder_column_1_3 1_3 fusion-flex-column\" style=\"--awb-padding-top:10px;--awb-padding-right:50px;--awb-padding-bottom:20px;--awb-padding-left:50px;--awb-bg-blend:overlay;--awb-bg-size:cover;--awb-width-large:33.333333333333%;--awb-margin-top-large:15px;--awb-spacing-right-large:0px;--awb-margin-bottom-large:15px;--awb-spacing-left-large:15px;--awb-width-medium:100%;--awb-order-medium:0;--awb-spacing-right-medium:0px;--awb-spacing-left-medium:0px;--awb-width-small:100%;--awb-order-small:0;--awb-spacing-right-small:0px;--awb-spacing-left-small:0px;\"><div class=\"fusion-column-wrapper fusion-column-has-shadow fusion-flex-justify-content-center fusion-content-layout-column\"><div class=\"fusion-image-element \" style=\"text-align:center;--awb-caption-title-font-family:var(--h2_typography-font-family);--awb-caption-title-font-weight:var(--h2_typography-font-weight);--awb-caption-title-font-style:var(--h2_typography-font-style);--awb-caption-title-size:var(--h2_typography-font-size);--awb-caption-title-transform:var(--h2_typography-text-transform);--awb-caption-title-line-height:var(--h2_typography-line-height);--awb-caption-title-letter-spacing:var(--h2_typography-letter-spacing);\"><span class=\" fusion-imageframe imageframe-none imageframe-11 hover-type-none\"><a class=\"fusion-no-lightbox\" href=\"https:\/\/www.adq-qc.com\/public\/\" target=\"_blank\" aria-label=\"Proth\u00e8ses dentaires\" rel=\"noopener noreferrer\"><img decoding=\"async\" width=\"64\" height=\"64\" alt=\"Regarnissage et rebasage de proth\u00e8ses dentaires\" src=\"data:image\/svg+xml,%3Csvg%20xmlns%3D%27http%3A%2F%2Fwww.w3.org%2F2000%2Fsvg%27%20width%3D%2764%27%20height%3D%2764%27%20viewBox%3D%270%200%2064%2064%27%3E%3Crect%20width%3D%2764%27%20height%3D%2764%27%20fill-opacity%3D%220%22%2F%3E%3C%2Fsvg%3E\" data-orig-src=\"https:\/\/denturologisterivenord.com\/wp-content\/uploads\/2022\/10\/protheses-dentaires.png\" class=\"lazyload img-responsive wp-image-1096\"\/><\/a><\/span><\/div><div class=\"fusion-separator fusion-full-width-sep\" style=\"align-self: center;margin-left: auto;margin-right: auto;margin-top:20px;width:100%;\"><\/div><div class=\"fusion-title title fusion-title-16 fusion-sep-none fusion-title-center fusion-title-text fusion-title-size-four\" style=\"--awb-margin-top-small:0px;--awb-margin-right-small:0px;--awb-margin-bottom-small:20px;--awb-margin-left-small:0px;\"><h4 class=\"fusion-title-heading title-heading-center fusion-responsive-typography-calculated\" style=\"margin:0;text-transform:uppercase;--fontSize:19;--minFontSize:19;line-height:1.4;\">Regarnissage et rebasage<\/h4><\/div><div class=\"fusion-separator fusion-full-width-sep\" style=\"align-self: center;margin-left: auto;margin-right: auto;margin-top:15px;width:100%;\"><\/div><\/div><\/div><div class=\"fusion-layout-column fusion_builder_column fusion-builder-column-15 fusion_builder_column_1_3 1_3 fusion-flex-column\" style=\"--awb-padding-top:20px;--awb-padding-right:50px;--awb-padding-bottom:20px;--awb-padding-left:50px;--awb-bg-blend:overlay;--awb-bg-size:cover;--awb-width-large:33.333333333333%;--awb-margin-top-large:15px;--awb-spacing-right-large:15px;--awb-margin-bottom-large:15px;--awb-spacing-left-large:15px;--awb-width-medium:100%;--awb-spacing-right-medium:0px;--awb-spacing-left-medium:0px;--awb-width-small:100%;--awb-spacing-right-small:0px;--awb-spacing-left-small:0px;\"><div class=\"fusion-column-wrapper fusion-flex-justify-content-center fusion-content-layout-column\"><div class=\"fusion-image-element \" style=\"text-align:center;--awb-caption-title-font-family:var(--h2_typography-font-family);--awb-caption-title-font-weight:var(--h2_typography-font-weight);--awb-caption-title-font-style:var(--h2_typography-font-style);--awb-caption-title-size:var(--h2_typography-font-size);--awb-caption-title-transform:var(--h2_typography-text-transform);--awb-caption-title-line-height:var(--h2_typography-line-height);--awb-caption-title-letter-spacing:var(--h2_typography-letter-spacing);\"><span class=\" fusion-imageframe imageframe-none imageframe-12 hover-type-none\"><a class=\"fusion-no-lightbox\" href=\"https:\/\/otpadq.com\/types-de-protheses\/\" target=\"_blank\" aria-label=\"Proth\u00e8ses dentaires\" rel=\"noopener noreferrer\"><img decoding=\"async\" width=\"64\" height=\"64\" alt=\"Ajustement de proth\u00e8ses dentaire amovible\" src=\"data:image\/svg+xml,%3Csvg%20xmlns%3D%27http%3A%2F%2Fwww.w3.org%2F2000%2Fsvg%27%20width%3D%2764%27%20height%3D%2764%27%20viewBox%3D%270%200%2064%2064%27%3E%3Crect%20width%3D%2764%27%20height%3D%2764%27%20fill-opacity%3D%220%22%2F%3E%3C%2Fsvg%3E\" data-orig-src=\"https:\/\/denturologisterivenord.com\/wp-content\/uploads\/2022\/10\/protheses-dentaires.png\" class=\"lazyload img-responsive wp-image-1096\"\/><\/a><\/span><\/div><div class=\"fusion-separator fusion-full-width-sep\" style=\"align-self: center;margin-left: auto;margin-right: auto;margin-top:20px;width:100%;\"><\/div><div class=\"fusion-title title fusion-title-17 fusion-sep-none fusion-title-center fusion-title-text fusion-title-size-four\" style=\"--awb-margin-top-small:0px;--awb-margin-right-small:0px;--awb-margin-bottom-small:20px;--awb-margin-left-small:0px;\"><h4 class=\"fusion-title-heading title-heading-center fusion-responsive-typography-calculated\" style=\"margin:0;text-transform:uppercase;--fontSize:19;--minFontSize:19;line-height:1.4;\">Ajustement de proth\u00e8ses dentaires amovible<\/h4><\/div><div class=\"fusion-separator fusion-full-width-sep\" style=\"align-self: center;margin-left: auto;margin-right: auto;margin-top:15px;width:100%;\"><\/div><\/div><\/div><div class=\"fusion-layout-column fusion_builder_column fusion-builder-column-16 fusion_builder_column_1_3 1_3 fusion-flex-column\" style=\"--awb-padding-top:20px;--awb-padding-right:50px;--awb-padding-bottom:20px;--awb-padding-left:50px;--awb-bg-blend:overlay;--awb-bg-size:cover;--awb-width-large:33.333333333333%;--awb-margin-top-large:15px;--awb-spacing-right-large:15px;--awb-margin-bottom-large:15px;--awb-spacing-left-large:15px;--awb-width-medium:100%;--awb-spacing-right-medium:0px;--awb-spacing-left-medium:0px;--awb-width-small:100%;--awb-spacing-right-small:0px;--awb-spacing-left-small:0px;\"><div class=\"fusion-column-wrapper fusion-flex-justify-content-center fusion-content-layout-column\"><div class=\"fusion-image-element \" style=\"text-align:center;--awb-caption-title-font-family:var(--h2_typography-font-family);--awb-caption-title-font-weight:var(--h2_typography-font-weight);--awb-caption-title-font-style:var(--h2_typography-font-style);--awb-caption-title-size:var(--h2_typography-font-size);--awb-caption-title-transform:var(--h2_typography-text-transform);--awb-caption-title-line-height:var(--h2_typography-line-height);--awb-caption-title-letter-spacing:var(--h2_typography-letter-spacing);\"><span class=\" fusion-imageframe imageframe-none imageframe-13 hover-type-none\"><a class=\"fusion-no-lightbox\" href=\"https:\/\/www.adq-qc.com\/public\/\" target=\"_blank\" aria-label=\"Proth\u00e8ses dentaires\" rel=\"noopener noreferrer\"><img decoding=\"async\" width=\"64\" height=\"64\" alt=\"Service de r\u00e9paration d&#039;urgence de proth\u00e8ses dentaires\" src=\"data:image\/svg+xml,%3Csvg%20xmlns%3D%27http%3A%2F%2Fwww.w3.org%2F2000%2Fsvg%27%20width%3D%2764%27%20height%3D%2764%27%20viewBox%3D%270%200%2064%2064%27%3E%3Crect%20width%3D%2764%27%20height%3D%2764%27%20fill-opacity%3D%220%22%2F%3E%3C%2Fsvg%3E\" data-orig-src=\"https:\/\/denturologisterivenord.com\/wp-content\/uploads\/2022\/10\/protheses-dentaires.png\" class=\"lazyload img-responsive wp-image-1096\"\/><\/a><\/span><\/div><div class=\"fusion-separator fusion-full-width-sep\" style=\"align-self: center;margin-left: auto;margin-right: auto;margin-top:20px;width:100%;\"><\/div><div class=\"fusion-title title fusion-title-18 fusion-sep-none fusion-title-center fusion-title-text fusion-title-size-four\" style=\"--awb-margin-top-small:0px;--awb-margin-right-small:0px;--awb-margin-bottom-small:20px;--awb-margin-left-small:0px;\"><h4 class=\"fusion-title-heading title-heading-center fusion-responsive-typography-calculated\" style=\"margin:0;text-transform:uppercase;--fontSize:19;--minFontSize:19;line-height:1.4;\">Service de r\u00e9paration d&rsquo;urgence<\/h4><\/div><div class=\"fusion-separator fusion-full-width-sep\" style=\"align-self: center;margin-left: auto;margin-right: auto;margin-top:15px;width:100%;\"><\/div><\/div><\/div><\/div><\/div><div id=\"consultation\" class=\"fusion-container-anchor\"><div class=\"fusion-fullwidth fullwidth-box fusion-builder-row-6 fusion-flex-container has-pattern-background has-mask-background nonhundred-percent-fullwidth non-hundred-percent-height-scrolling\" style=\"--awb-border-radius-top-left:0px;--awb-border-radius-top-right:0px;--awb-border-radius-bottom-right:0px;--awb-border-radius-bottom-left:0px;--awb-padding-right:0px;--awb-padding-left:0px;--awb-margin-top:0px;--awb-margin-bottom:0px;--awb-background-color:var(--awb-color3);--awb-flex-wrap:wrap;\" ><div class=\"fusion-builder-row fusion-row fusion-flex-align-items-flex-start fusion-flex-content-wrap\" style=\"max-width:1144px;margin-left: calc(-4% \/ 2 );margin-right: calc(-4% \/ 2 );\"><div class=\"fusion-layout-column fusion_builder_column fusion-builder-column-17 fusion_builder_column_1_1 1_1 fusion-flex-column\" style=\"--awb-padding-right:15px;--awb-padding-left:15px;--awb-bg-size:cover;--awb-width-large:100%;--awb-margin-top-large:80px;--awb-spacing-right-large:1.92%;--awb-margin-bottom-large:80px;--awb-spacing-left-large:1.92%;--awb-width-medium:100%;--awb-order-medium:0;--awb-spacing-right-medium:1.92%;--awb-spacing-left-medium:1.92%;--awb-width-small:100%;--awb-order-small:0;--awb-spacing-right-small:1.92%;--awb-spacing-left-small:1.92%;\" data-scroll-devices=\"small-visibility,medium-visibility,large-visibility\"><div class=\"fusion-column-wrapper fusion-column-has-shadow fusion-flex-justify-content-flex-start fusion-content-layout-column\"><div class=\"fusion-title title fusion-title-19 fusion-sep-none fusion-title-center fusion-title-text fusion-title-size-two\" style=\"--awb-text-color:var(--awb-color1);--awb-margin-top-small:0px;--awb-margin-right-small:0px;--awb-margin-bottom-small:20px;--awb-margin-left-small:0px;--awb-font-size:36px;\"><h2 class=\"fusion-title-heading title-heading-center fusion-responsive-typography-calculated\" style=\"margin:0;font-size:1em;--fontSize:36;line-height:var(--awb-typography1-line-height);\">CONSULTATION GRATUITE<\/h2><\/div><div class=\"fusion-text fusion-text-16\" style=\"--awb-font-size:26px;--awb-text-color:var(--awb-color2);\"><p>La premi\u00e8re consultation est <strong>sans frais<\/strong> pour \u00e9valuer vos besoins, vous conseiller et r\u00e9pondre \u00e0 toutes vos questions. Vous pourrez ainsi prendre une d\u00e9cision \u00e9clair\u00e9e.<\/p>\n<\/div><\/div><\/div><\/div><\/div><\/div><div id=\"rendez\" class=\"fusion-container-anchor\"><div class=\"fusion-fullwidth fullwidth-box fusion-builder-row-7 fusion-flex-container has-pattern-background has-mask-background fusion-parallax-none nonhundred-percent-fullwidth non-hundred-percent-height-scrolling lazyload\" style=\"--awb-background-position:center top;--awb-background-repeat:repeat-x;--awb-border-sizes-left:0;--awb-border-sizes-right:0;--awb-border-radius-top-left:0px;--awb-border-radius-top-right:0px;--awb-border-radius-bottom-right:0px;--awb-border-radius-bottom-left:0px;--awb-padding-top:90px;--awb-padding-right:0px;--awb-padding-bottom:90px;--awb-padding-left:0px;--awb-padding-right-medium:0px;--awb-padding-left-medium:0px;--awb-padding-top-small:20px;--awb-padding-right-small:0px;--awb-padding-bottom-small:0px;--awb-padding-left-small:0px;--awb-margin-top:0px;--awb-margin-bottom:0px;--awb-background-color:var(--awb-color1);--awb-flex-wrap:wrap;\" data-bg=\"https:\/\/denturologisterivenord.com\/wp-content\/uploads\/2017\/11\/booking-bg.png\" ><div class=\"awb-background-pattern\" style=\"background-image:  url(data:image\/svg+xml;utf8,%3Csvg%20width%3D%2240%22%20height%3D%2240%22%20fill%3D%22none%22%20xmlns%3D%22http%3A%2F%2Fwww.w3.org%2F2000%2Fsvg%22%3E%3Cpath%20fill-rule%3D%22evenodd%22%20clip-rule%3D%22evenodd%22%20d%3D%22M0%2038.59l2.83-2.83%201.41%201.41L1.41%2040H0v-1.41zM0%201.4l2.83%202.83%201.41-1.41L1.41%200H0v1.41-.01zM38.59%2040l-2.83-2.83%201.41-1.41L40%2038.59V40h-1.41zM40%201.41l-2.83%202.83-1.41-1.41L38.59%200H40v1.41z%22%20fill%3D%22rgba%2863%2C137%2C215%2C0%29%22%2F%3E%3Cpath%20d%3D%22M22.83%2015.77L20%2018.6v-.01l-2.83-2.83-1.41%201.41L18.59%2020l-2.83%202.83%201.41%201.41L20%2021.41l2.83%202.83%201.41-1.41L21.41%2020l2.83-2.82-1.41-1.41z%22%20fill%3D%22rgba%2863%2C137%2C215%2C0%29%22%2F%3E%3C%2Fsvg%3E);opacity: 1 ;mix-blend-mode:normal;\"><\/div><div class=\"awb-background-mask\" style=\"background-image:  url(data:image\/svg+xml;utf8,%3Csvg%20width%3D%221920%22%20height%3D%22954%22%20fill%3D%22none%22%20xmlns%3D%22http%3A%2F%2Fwww.w3.org%2F2000%2Fsvg%22%3E%3Cg%20clip-path%3D%22url%28%23prefix__clip0_75_23203%29%22%3E%3Cpath%20fill-rule%3D%22evenodd%22%20clip-rule%3D%22evenodd%22%20d%3D%22M1920%200H0v859.506l-190.573%2051.064%2035.756%20133.44L32.783%20954H51.31l-375.326%20172.87%2090.136%20394.4L565.33%20954h19.141c-170.193%20122.31-368.853%20265.1-580.537%20417.25l-.165.12-135.29%2097.24%20957.378-451.83L893.286%20954h47.639L-114.454%202058.62l62.826%20234.47L1103.34%20954h27.42L103.93%202180l65.439%20244.22%20705.555-863.57%20240.546-94.82L1470.23%20954h53.31L191.011%202939.16l104.974%20391.76%20375.717-100.67%20377.978-571.43c13.98-21.33%20164.03-221.74%20151.7-199.8L787.965%203199.1l348.975-93.51L2169.62%20804.001l-131.46-490.62L1935%20341.024l-15%2022.347v-58.283l61.63-88.923L1920%20232.68V0zm0%20232.68l-238.67%2063.951L1130.76%20954h339.47L1920%20305.088V232.68zm0%20130.691L1523.54%20954H1920V363.371zM1103.34%20954l127.91-148.297%2060.47-169.07-5.85-43.671L940.925%20954h162.415zm248.69-427.1L893.286%20954H584.471c248.761-178.774%20436.699-313.798%20515.599-370.351l251.96-56.749zm0%200l.03-.029.01.021-.04.008zM565.33%20954l434.321-308.275-553.752%20126.532L51.311%20954H565.33zm-532.548%200l487.485-233.9L0%20859.506V954h32.782zM1528.04%20468.975l-174.96%20202.889-25.3-117.832%2040.22-42.175%20160.04-42.882zm931.55%201244.855L2213%20793.524l-218.25%20490.736-.14.24%20156.33%201465.08%20131.12-35.13%20177.53-1000.62zm-520.18-346.59l21.42%20218.34-146.61%2063.17%20125.19-281.51zm84.33%20588.28l-29.58-300.33-157.39%2086.36-225.64%20506.93%20412.61-292.96zm-112.76%20125.5l87.14%20889.52-885.51%20237.27%20364.48-819.53%20433.89-307.26zm668.86%20220.36l104.4%20389.61-384.91%20103.14%2027.46-149.15-.05-.19%20253.1-343.41zM807.326%201730.06l172.895-51.15-812.664%201172.72-67.065-250.29%20706.834-871.28zM-89.52%201852.55c-.896-.13-1.789-.26-2.679-.4l.006.03c-28.186-4.25-56.008-10.99-83.04-20.39l53.373%20129.55%2075.04-98.45c-13.099-6.01-28.262-8.23-42.698-10.34h-.002zm829.267-783.16l-722.21%20797.48c-31.83-8.57-62.09-22.77-92.32-36.95h-.002c-17.155-8.04-34.3-16.09-51.718-23.09l-56.788-179.13c255.882-154.84%20738.844-446.96%20923.038-558.31zm558.503-416.072l14.14%2076.974-82.22%2095.978%2068.08-172.952zM2478.63%201923.68l-163.84%20701.82%20248.83-311.25-84.99-390.57zm-2799.147-309l-5.334%204.37-.056-.21.41-1.57%204.582-2.48.398-.11z%22%20fill%3D%22rgba%28235%2C235%2C235%2C1%29%22%2F%3E%3C%2Fg%3E%3Cdefs%3E%3CclipPath%20id%3D%22prefix__clip0_75_23203%22%3E%3Cpath%20fill%3D%22%23fff%22%20d%3D%22M0%200h1920v954H0z%22%2F%3E%3C%2FclipPath%3E%3C%2Fdefs%3E%3C%2Fsvg%3E);opacity: 1 ;transform: scale(1, 1);mix-blend-mode:normal;\"><\/div><div class=\"fusion-builder-row fusion-row fusion-flex-align-items-center fusion-flex-justify-content-center fusion-flex-content-wrap\" style=\"max-width:calc( 1100px + 0px );margin-left: calc(-0px \/ 2 );margin-right: calc(-0px \/ 2 );\"><div class=\"fusion-layout-column fusion_builder_column fusion-builder-column-18 fusion_builder_column_5_6 5_6 fusion-flex-column fusion-flex-align-self-flex-start\" style=\"--awb-padding-right:15px;--awb-padding-left:15px;--awb-bg-blend:overlay;--awb-bg-size:cover;--awb-width-large:83.333333333333%;--awb-margin-top-large:25px;--awb-spacing-right-large:0px;--awb-margin-bottom-large:20px;--awb-spacing-left-large:0px;--awb-width-medium:100%;--awb-order-medium:0;--awb-spacing-right-medium:0px;--awb-spacing-left-medium:0px;--awb-width-small:100%;--awb-order-small:0;--awb-spacing-right-small:0px;--awb-spacing-left-small:0px;\" data-scroll-devices=\"small-visibility,medium-visibility,large-visibility\"><div class=\"fusion-column-wrapper fusion-column-has-shadow fusion-flex-justify-content-flex-end fusion-content-layout-column\"><div class=\"fusion-title title fusion-title-20 fusion-sep-none fusion-title-center fusion-title-text fusion-title-size-two\" style=\"--awb-margin-top:50px;--awb-margin-top-small:0px;--awb-margin-right-small:0px;--awb-margin-bottom-small:20px;--awb-margin-left-small:0px;--awb-font-size:36px;\"><h2 class=\"fusion-title-heading title-heading-center fusion-responsive-typography-calculated\" style=\"margin:0;font-size:1em;--fontSize:36;line-height:var(--awb-typography1-line-height);\">Demande de rendez-vous<\/h2><\/div><div class=\"fusion-separator\" style=\"align-self: center;margin-left: auto;margin-right: auto;margin-bottom:35px;width:100%;max-width:80px;\"><div class=\"fusion-separator-border sep-single sep-solid\" style=\"--awb-height:20px;--awb-amount:20px;border-color:var(--awb-color3);border-top-width:1px;\"><\/div><\/div><div class=\"fusion-text fusion-text-17\" style=\"--awb-margin-right:0px;--awb-margin-left:0px;\"><p style=\"text-align: center;\">Nous avons des solutions personnalis\u00e9es en mati\u00e8re de proth\u00e8ses dentaires afin de vous aider \u00e0 retrouver votre sourire.<\/p>\n<p style=\"text-align: center;\">Demandez un rendez-vous \u00e0 l\u2019une de nos deux cliniques par t\u00e9l\u00e9phone.<\/p>\n<\/div><\/div><\/div><\/div><\/div><\/div><div id=\"contact\" class=\"fusion-container-anchor\"><div class=\"fusion-fullwidth fullwidth-box fusion-builder-row-8 fusion-flex-container has-pattern-background has-mask-background hundred-percent-fullwidth non-hundred-percent-height-scrolling\" style=\"--awb-background-position:center top;--awb-background-repeat:repeat-x;--awb-border-sizes-left:0px;--awb-border-sizes-right:0px;--awb-border-radius-top-left:0px;--awb-border-radius-top-right:0px;--awb-border-radius-bottom-right:0px;--awb-border-radius-bottom-left:0px;--awb-padding-top:70px;--awb-padding-right-medium:0px;--awb-padding-left-medium:0px;--awb-padding-top-small:0px;--awb-padding-right-small:10px;--awb-padding-left-small:10px;--awb-margin-top-small:0px;--awb-background-color:var(--awb-color1);--awb-flex-wrap:wrap;\" ><div class=\"fusion-builder-row fusion-row fusion-flex-align-items-center fusion-flex-justify-content-center fusion-flex-content-wrap\" style=\"width:calc( 100% + 0px ) !important;max-width:calc( 100% + 0px ) !important;margin-left: calc(-0px \/ 2 );margin-right: calc(-0px \/ 2 );\"><div class=\"fusion-layout-column fusion_builder_column fusion-builder-column-19 fusion_builder_column_1_1 1_1 fusion-flex-column\" style=\"--awb-padding-right:15px;--awb-padding-left:15px;--awb-bg-size:cover;--awb-width-large:100%;--awb-margin-top-large:15px;--awb-spacing-right-large:0px;--awb-margin-bottom-large:15px;--awb-spacing-left-large:0px;--awb-width-medium:100%;--awb-order-medium:0;--awb-spacing-right-medium:0px;--awb-spacing-left-medium:0px;--awb-width-small:100%;--awb-order-small:0;--awb-spacing-right-small:0px;--awb-spacing-left-small:0px;\" data-scroll-devices=\"small-visibility,medium-visibility,large-visibility\"><div class=\"fusion-column-wrapper fusion-column-has-shadow fusion-flex-justify-content-flex-start fusion-content-layout-column\"><div class=\"fusion-title title fusion-title-21 fusion-sep-none fusion-title-center fusion-title-text fusion-title-size-three\" style=\"--awb-text-color:var(--awb-color3);--awb-margin-bottom:0px;--awb-margin-top-small:0px;--awb-margin-right-small:0px;--awb-margin-bottom-small:0px;--awb-margin-left-small:0px;\"><h3 class=\"fusion-title-heading title-heading-center fusion-responsive-typography-calculated\" style=\"margin:0;--fontSize:35;line-height:var(--awb-typography1-line-height);\">Deux adresses pour mieux vous servir<\/h3><\/div><\/div><\/div><div class=\"fusion-layout-column fusion_builder_column fusion-builder-column-20 fusion_builder_column_1_3 1_3 fusion-flex-column\" style=\"--awb-padding-right:15px;--awb-padding-left:15px;--awb-padding-top-medium:0px;--awb-bg-blend:overlay;--awb-bg-size:cover;--awb-width-large:33.333333333333%;--awb-margin-top-large:15px;--awb-spacing-right-large:0px;--awb-margin-bottom-large:60px;--awb-spacing-left-large:0px;--awb-width-medium:100%;--awb-order-medium:0;--awb-margin-top-medium:0px;--awb-spacing-right-medium:0px;--awb-spacing-left-medium:0px;--awb-width-small:100%;--awb-order-small:0;--awb-spacing-right-small:0px;--awb-margin-bottom-small:0;--awb-spacing-left-small:0px;\" data-scroll-devices=\"small-visibility,medium-visibility,large-visibility\"><div class=\"fusion-column-wrapper fusion-column-has-shadow fusion-flex-justify-content-flex-start fusion-content-layout-column\"><div class=\"fusion-separator\" style=\"align-self: center;margin-left: auto;margin-right: auto;margin-top:10px;margin-bottom:20px;width:100%;max-width:80px;\"><\/div><div class=\"fusion-image-element md-text-align-center\" style=\"--awb-caption-title-font-family:var(--h2_typography-font-family);--awb-caption-title-font-weight:var(--h2_typography-font-weight);--awb-caption-title-font-style:var(--h2_typography-font-style);--awb-caption-title-size:var(--h2_typography-font-size);--awb-caption-title-transform:var(--h2_typography-text-transform);--awb-caption-title-line-height:var(--h2_typography-line-height);--awb-caption-title-letter-spacing:var(--h2_typography-letter-spacing);\"><span class=\" fusion-imageframe imageframe-none imageframe-14 hover-type-none\"><a class=\"fusion-no-lightbox\" href=\"https:\/\/dentistesteadele.com\/\" target=\"_blank\" aria-label=\"Denturologiste Sainte-Ad\u00e8le\" rel=\"noopener noreferrer\"><img decoding=\"async\" width=\"900\" height=\"500\" alt=\"Denturologiste Sainte-Ad\u00e8le\" src=\"https:\/\/denturologisterivenord.com\/wp-content\/uploads\/2022\/10\/denturologiste-sainte-adele.jpg\" data-orig-src=\"https:\/\/denturologisterivenord.com\/wp-content\/uploads\/2022\/10\/denturologiste-sainte-adele.jpg\" class=\"lazyload img-responsive wp-image-1476\" srcset=\"data:image\/svg+xml,%3Csvg%20xmlns%3D%27http%3A%2F%2Fwww.w3.org%2F2000%2Fsvg%27%20width%3D%27900%27%20height%3D%27500%27%20viewBox%3D%270%200%20900%20500%27%3E%3Crect%20width%3D%27900%27%20height%3D%27500%27%20fill-opacity%3D%220%22%2F%3E%3C%2Fsvg%3E\" data-srcset=\"https:\/\/denturologisterivenord.com\/wp-content\/uploads\/2022\/10\/denturologiste-sainte-adele-200x111.jpg 200w, https:\/\/denturologisterivenord.com\/wp-content\/uploads\/2022\/10\/denturologiste-sainte-adele-400x222.jpg 400w, https:\/\/denturologisterivenord.com\/wp-content\/uploads\/2022\/10\/denturologiste-sainte-adele-600x333.jpg 600w, https:\/\/denturologisterivenord.com\/wp-content\/uploads\/2022\/10\/denturologiste-sainte-adele-800x444.jpg 800w, https:\/\/denturologisterivenord.com\/wp-content\/uploads\/2022\/10\/denturologiste-sainte-adele.jpg 900w\" data-sizes=\"auto\" data-orig-sizes=\"(max-width: 908px) 100vw, (max-width: 640px) 100vw, 400px\" \/><\/a><\/span><\/div><div class=\"fusion-separator\" style=\"align-self: center;margin-left: auto;margin-right: auto;margin-top:10px;margin-bottom:20px;width:100%;max-width:80px;\"><\/div><div class=\"fusion-title title fusion-title-22 fusion-sep-none fusion-title-text fusion-title-size-two\" style=\"--awb-margin-top-small:0px;--awb-margin-right-small:0px;--awb-margin-bottom-small:20px;--awb-margin-left-small:0px;--awb-font-size:20px;\"><h2 class=\"fusion-title-heading title-heading-left fusion-responsive-typography-calculated\" style=\"margin:0;font-size:1em;--fontSize:20;--minFontSize:20;line-height:var(--awb-typography1-line-height);\"><a href=\"https:\/\/dentistesteadele.com\/nous-joindre\/#rv\" target=\"_blank\" rel=\"noopener\">Votre denturologiste \u00e0 Sainte-Ad\u00e8le<\/a><\/h2><\/div><ul style=\"--awb-line-height:30.6px;--awb-icon-width:30.6px;--awb-icon-height:30.6px;--awb-icon-margin:12.6px;--awb-content-margin:43.2px;--awb-circlecolor:var(--awb-color4);--awb-circle-yes-font-size:15.84px;\" class=\"fusion-checklist fusion-checklist-1 fusion-checklist-default type-icons\"><li class=\"fusion-li-item\" style=\"\"><span class=\"icon-wrapper circle-yes\"><i class=\"fusion-li-icon fa-map-marker-alt fas\" aria-hidden=\"true\"><\/i><\/span><div class=\"fusion-li-item-content\">La Clinique dentaire Sainte-Ad\u00e8le<br \/>\n173 rue Morin<br \/>\nSainte-Ad\u00e8le, Qu\u00e9bec<br \/>\nJ8B 2P6<\/div><\/li><li class=\"fusion-li-item\" style=\"\"><span class=\"icon-wrapper circle-yes\"><i class=\"fusion-li-icon fa-phone-square-alt fas\" aria-hidden=\"true\"><\/i><\/span><div class=\"fusion-li-item-content\"><a href=\"tel:(450)%20229-8333\">(450) 229-8333<\/a><\/div><\/li><\/ul><\/div><\/div><div class=\"fusion-layout-column fusion_builder_column fusion-builder-column-21 fusion_builder_column_1_3 1_3 fusion-flex-column\" style=\"--awb-padding-right:15px;--awb-padding-left:15px;--awb-padding-top-medium:0px;--awb-bg-blend:overlay;--awb-bg-size:cover;--awb-width-large:33.333333333333%;--awb-margin-top-large:15px;--awb-spacing-right-large:0px;--awb-margin-bottom-large:60px;--awb-spacing-left-large:0px;--awb-width-medium:100%;--awb-order-medium:0;--awb-spacing-right-medium:0px;--awb-spacing-left-medium:0px;--awb-width-small:100%;--awb-order-small:0;--awb-spacing-right-small:0px;--awb-spacing-left-small:0px;\" data-scroll-devices=\"small-visibility,medium-visibility,large-visibility\"><div class=\"fusion-column-wrapper fusion-column-has-shadow fusion-flex-justify-content-flex-start fusion-content-layout-column\"><div class=\"fusion-separator\" style=\"align-self: center;margin-left: auto;margin-right: auto;margin-top:10px;margin-bottom:20px;width:100%;max-width:80px;\"><\/div><div class=\"fusion-image-element md-text-align-center\" style=\"--awb-caption-title-font-family:var(--h2_typography-font-family);--awb-caption-title-font-weight:var(--h2_typography-font-weight);--awb-caption-title-font-style:var(--h2_typography-font-style);--awb-caption-title-size:var(--h2_typography-font-size);--awb-caption-title-transform:var(--h2_typography-text-transform);--awb-caption-title-line-height:var(--h2_typography-line-height);--awb-caption-title-letter-spacing:var(--h2_typography-letter-spacing);\"><span class=\" fusion-imageframe imageframe-none imageframe-15 hover-type-none\"><a class=\"fusion-no-lightbox\" href=\"https:\/\/cdstjanvier.com\/\" target=\"_blank\" aria-label=\"Denturologiste Mirabel\" rel=\"noopener noreferrer\"><img decoding=\"async\" width=\"900\" height=\"500\" alt=\"Denturologiste Mirabel\" src=\"https:\/\/denturologisterivenord.com\/wp-content\/uploads\/2022\/10\/denturologiste-mirabel.jpg\" data-orig-src=\"https:\/\/denturologisterivenord.com\/wp-content\/uploads\/2022\/10\/denturologiste-mirabel.jpg\" class=\"lazyload img-responsive wp-image-1025\" srcset=\"data:image\/svg+xml,%3Csvg%20xmlns%3D%27http%3A%2F%2Fwww.w3.org%2F2000%2Fsvg%27%20width%3D%27900%27%20height%3D%27500%27%20viewBox%3D%270%200%20900%20500%27%3E%3Crect%20width%3D%27900%27%20height%3D%27500%27%20fill-opacity%3D%220%22%2F%3E%3C%2Fsvg%3E\" data-srcset=\"https:\/\/denturologisterivenord.com\/wp-content\/uploads\/2022\/10\/denturologiste-mirabel-200x111.jpg 200w, https:\/\/denturologisterivenord.com\/wp-content\/uploads\/2022\/10\/denturologiste-mirabel-400x222.jpg 400w, https:\/\/denturologisterivenord.com\/wp-content\/uploads\/2022\/10\/denturologiste-mirabel-600x333.jpg 600w, https:\/\/denturologisterivenord.com\/wp-content\/uploads\/2022\/10\/denturologiste-mirabel-800x444.jpg 800w, https:\/\/denturologisterivenord.com\/wp-content\/uploads\/2022\/10\/denturologiste-mirabel.jpg 900w\" data-sizes=\"auto\" data-orig-sizes=\"(max-width: 908px) 100vw, (max-width: 640px) 100vw, 400px\" \/><\/a><\/span><\/div><div class=\"fusion-separator\" style=\"align-self: center;margin-left: auto;margin-right: auto;margin-top:10px;margin-bottom:20px;width:100%;max-width:80px;\"><\/div><div class=\"fusion-title title fusion-title-23 fusion-sep-none fusion-title-text fusion-title-size-two\" style=\"--awb-margin-top-small:0px;--awb-margin-right-small:0px;--awb-margin-bottom-small:20px;--awb-margin-left-small:0px;--awb-font-size:20px;\"><h2 class=\"fusion-title-heading title-heading-left fusion-responsive-typography-calculated\" style=\"margin:0;font-size:1em;--fontSize:20;--minFontSize:20;line-height:var(--awb-typography1-line-height);\"><a href=\"https:\/\/www.cdstjanvier.com\/nous-joindre\/\" target=\"_blank\" rel=\"noopener\">Votre denturologiste \u00e0 Mirabel<\/a><\/h2><\/div><ul style=\"--awb-line-height:30.6px;--awb-icon-width:30.6px;--awb-icon-height:30.6px;--awb-icon-margin:12.6px;--awb-content-margin:43.2px;--awb-circlecolor:var(--awb-color4);--awb-circle-yes-font-size:15.84px;\" class=\"fusion-checklist fusion-checklist-2 fusion-checklist-default type-icons\"><li class=\"fusion-li-item\" style=\"\"><span class=\"icon-wrapper circle-yes\"><i class=\"fusion-li-icon fa-map-marker-alt fas\" aria-hidden=\"true\"><\/i><\/span><div class=\"fusion-li-item-content\">\n<p>Le Centre dentaire St-Janvier<br \/>\n13783 Boul Cur\u00e9-Labelle<br \/>\nMirabel, Qu\u00e9bec<br \/>\nJ7J 1K9<\/p>\n<\/div><\/li><li class=\"fusion-li-item\" style=\"\"><span class=\"icon-wrapper circle-yes\"><i class=\"fusion-li-icon fa-phone-square-alt fas\" aria-hidden=\"true\"><\/i><\/span><div class=\"fusion-li-item-content\"><a href=\"tel:(450)%20437-7575\">(450) 437-7575<\/a><\/div><\/li><\/ul><\/div><\/div><\/div><\/div><\/div><div id=\"openingtimes\" class=\"fusion-container-anchor\"><div class=\"fusion-fullwidth fullwidth-box fusion-builder-row-9 fusion-flex-container has-pattern-background has-mask-background hundred-percent-fullwidth non-hundred-percent-height-scrolling\" style=\"--awb-border-radius-top-left:0px;--awb-border-radius-top-right:0px;--awb-border-radius-bottom-right:0px;--awb-border-radius-bottom-left:0px;--awb-padding-top:0px;--awb-padding-right:0px;--awb-padding-left:0px;--awb-padding-right-medium:10px;--awb-padding-left-medium:10px;--awb-margin-top:0px;--awb-margin-bottom:70px;--awb-flex-wrap:wrap;\" ><div class=\"fusion-builder-row fusion-row fusion-flex-align-items-flex-start fusion-flex-justify-content-center fusion-flex-content-wrap\" style=\"width:104% !important;max-width:104% !important;margin-left: calc(-4% \/ 2 );margin-right: calc(-4% \/ 2 );\"><div class=\"fusion-layout-column fusion_builder_column fusion-builder-column-22 fusion_builder_column_1_3 1_3 fusion-flex-column fusion-flex-align-self-flex-start\" style=\"--awb-padding-right:15px;--awb-padding-left:15px;--awb-bg-size:cover;--awb-width-large:33.333333333333%;--awb-margin-top-large:15px;--awb-spacing-right-large:200px;--awb-margin-bottom-large:15px;--awb-spacing-left-large:5.76%;--awb-width-medium:100%;--awb-order-medium:0;--awb-spacing-right-medium:10px;--awb-spacing-left-medium:10px;--awb-width-small:100%;--awb-order-small:0;--awb-spacing-right-small:1.92%;--awb-spacing-left-small:1.92%;\" data-scroll-devices=\"small-visibility,medium-visibility,large-visibility\"><div class=\"fusion-column-wrapper fusion-column-has-shadow fusion-flex-justify-content-center fusion-content-layout-column\"><div class=\"fusion-title title fusion-title-24 fusion-sep-none fusion-title-text fusion-title-size-four\" style=\"--awb-margin-top:0px;--awb-margin-top-small:0px;--awb-margin-right-small:0px;--awb-margin-bottom-small:20px;--awb-margin-left-small:0px;\"><h4 class=\"fusion-title-heading title-heading-left fusion-responsive-typography-calculated\" style=\"margin:0;--fontSize:19;--minFontSize:19;line-height:1.4;\">Heures d&rsquo;ouverture Sainte-Ad\u00e8le<\/h4><\/div>\n<table id=\"tablepress-2\" class=\"tablepress tablepress-id-2\">\n<tbody>\n<tr class=\"row-1\">\n\t<td class=\"column-1\">Lundi<\/td><td class=\"column-2\">8h30 \u00e0 16h15<\/td>\n<\/tr>\n<tr class=\"row-2\">\n\t<td class=\"column-1\">Mardi<\/td><td class=\"column-2\">8h30 \u00e0 16h15<\/td>\n<\/tr>\n<tr class=\"row-3\">\n\t<td class=\"column-1\">Mercredi<\/td><td class=\"column-2\">8h30 \u00e0 19h00<\/td>\n<\/tr>\n<tr class=\"row-4\">\n\t<td class=\"column-1\">Jeudi<\/td><td class=\"column-2\">9h00 \u00e0 17h00<\/td>\n<\/tr>\n<tr class=\"row-5\">\n\t<td class=\"column-1\">Vendredi<\/td><td class=\"column-2\">8h30 \u00e0 14h00<\/td>\n<\/tr>\n<tr class=\"row-6\">\n\t<td class=\"column-1\">Samedi<\/td><td class=\"column-2\">FERMER<\/td>\n<\/tr>\n<tr class=\"row-7\">\n\t<td class=\"column-1\">Dimanche<\/td><td class=\"column-2\">FERMER<\/td>\n<\/tr>\n<\/tbody>\n<\/table>\n<!-- #tablepress-2 from cache --><\/div><\/div><div class=\"fusion-layout-column fusion_builder_column fusion-builder-column-23 fusion_builder_column_1_3 1_3 fusion-flex-column fusion-flex-align-self-flex-start\" style=\"--awb-padding-right:15px;--awb-padding-left:15px;--awb-bg-size:cover;--awb-width-large:33.333333333333%;--awb-margin-top-large:15px;--awb-spacing-right-large:200px;--awb-margin-bottom-large:15px;--awb-spacing-left-large:5.76%;--awb-width-medium:100%;--awb-order-medium:1;--awb-spacing-right-medium:0px;--awb-spacing-left-medium:0px;--awb-width-small:100%;--awb-order-small:0;--awb-spacing-right-small:1.92%;--awb-spacing-left-small:1.92%;\" data-scroll-devices=\"small-visibility,medium-visibility,large-visibility\"><div class=\"fusion-column-wrapper fusion-column-has-shadow fusion-flex-justify-content-space-evenly fusion-content-layout-column\"><div class=\"fusion-title title fusion-title-25 fusion-sep-none fusion-title-text fusion-title-size-four\" style=\"--awb-margin-top:0px;--awb-margin-top-small:0px;--awb-margin-right-small:0px;--awb-margin-bottom-small:20px;--awb-margin-left-small:0px;\"><h4 class=\"fusion-title-heading title-heading-left fusion-responsive-typography-calculated\" style=\"margin:0;--fontSize:19;--minFontSize:19;line-height:1.4;\">Heures d&rsquo;ouverture Mirabel<\/h4><\/div>\n<table id=\"tablepress-3\" class=\"tablepress tablepress-id-3\">\n<tbody>\n<tr class=\"row-1\">\n\t<td class=\"column-1\">Lundi<\/td><td class=\"column-2\">8h00 \u00e0 18h00<\/td>\n<\/tr>\n<tr class=\"row-2\">\n\t<td class=\"column-1\">Mardi<\/td><td class=\"column-2\">8h00 \u00e0 18h00<\/td>\n<\/tr>\n<tr class=\"row-3\">\n\t<td class=\"column-1\">Mercredi<\/td><td class=\"column-2\">8h00 \u00e0 18h00<\/td>\n<\/tr>\n<tr class=\"row-4\">\n\t<td class=\"column-1\">Jeudi<\/td><td class=\"column-2\">8h00 \u00e0 16h00<\/td>\n<\/tr>\n<tr class=\"row-5\">\n\t<td class=\"column-1\">Vendredi<\/td><td class=\"column-2\">8h00 \u00e0 15h00<\/td>\n<\/tr>\n<tr class=\"row-6\">\n\t<td class=\"column-1\">Samedi<\/td><td class=\"column-2\">FERMER<\/td>\n<\/tr>\n<tr class=\"row-7\">\n\t<td class=\"column-1\">Dimanche<\/td><td class=\"column-2\">FERMER<\/td>\n<\/tr>\n<\/tbody>\n<\/table>\n<!-- #tablepress-3 from cache --><\/div><\/div><\/div><\/div><\/div><div class=\"fusion-fullwidth fullwidth-box fusion-builder-row-10 fusion-flex-container has-pattern-background has-mask-background fusion-parallax-none hundred-percent-fullwidth non-hundred-percent-height-scrolling lazyload\" style=\"--awb-background-position:center top;--awb-background-repeat:repeat-x;--awb-border-radius-top-left:0px;--awb-border-radius-top-right:0px;--awb-border-radius-bottom-right:0px;--awb-border-radius-bottom-left:0px;--awb-padding-top:0px;--awb-padding-right:0px;--awb-padding-left:0px;--awb-padding-top-medium:0px;--awb-padding-right-medium:0px;--awb-padding-bottom-medium:0px;--awb-padding-left-medium:0px;--awb-padding-right-small:0px;--awb-padding-left-small:0px;--awb-margin-top-medium:0px;--awb-margin-bottom-medium:0px;--awb-background-color:var(--awb-color2);--awb-background-image:linear-gradient(180deg, rgba(63,137,215,0.18) 0%,rgba(63,137,215,0.23) 100%);;--awb-flex-wrap:wrap;\" data-bg=\"https:\/\/denturologisterivenord.com\/wp-content\/uploads\/2017\/11\/booking-bg.png\" data-bg-gradient=\"linear-gradient(180deg, rgba(63,137,215,0.18) 0%,rgba(63,137,215,0.23) 100%)\" ><div class=\"fusion-builder-row fusion-row fusion-flex-align-items-flex-start fusion-flex-justify-content-center fusion-flex-content-wrap\" style=\"width:calc( 100% + 0px ) !important;max-width:calc( 100% + 0px ) !important;margin-left: calc(-0px \/ 2 );margin-right: calc(-0px \/ 2 );\"><div class=\"fusion-layout-column fusion_builder_column fusion-builder-column-24 fusion_builder_column_2_5 2_5 fusion-flex-column\" style=\"--awb-padding-right:15px;--awb-padding-left:15px;--awb-padding-top-medium:0px;--awb-padding-right-medium:0px;--awb-padding-bottom-medium:0px;--awb-padding-left-medium:0px;--awb-padding-right-small:0px;--awb-padding-left-small:0px;--awb-bg-blend:overlay;--awb-bg-size:cover;--awb-border-color:var(--awb-color8);--awb-border-style:solid;--awb-width-large:40%;--awb-margin-top-large:15px;--awb-spacing-right-large:0px;--awb-margin-bottom-large:60px;--awb-spacing-left-large:0px;--awb-width-medium:100%;--awb-order-medium:2;--awb-margin-top-medium:0px;--awb-spacing-right-medium:10px;--awb-margin-bottom-medium:0px;--awb-spacing-left-medium:10px;--awb-width-small:100%;--awb-order-small:0;--awb-spacing-right-small:0px;--awb-spacing-left-small:0px;\" data-scroll-devices=\"small-visibility,medium-visibility,large-visibility\"><div class=\"fusion-column-wrapper fusion-column-has-shadow fusion-flex-justify-content-flex-start fusion-content-layout-column\"><div class=\"fusion-title title fusion-title-26 fusion-sep-none fusion-title-center fusion-title-text fusion-title-size-two\" style=\"--awb-text-color:var(--awb-color4);--awb-margin-top-small:0px;--awb-margin-right-small:0px;--awb-margin-bottom-small:20px;--awb-margin-left-small:0px;--awb-font-size:26px;\"><h2 class=\"fusion-title-heading title-heading-center fusion-responsive-typography-calculated\" style=\"margin:0;text-transform:none;font-size:1em;--fontSize:26;--minFontSize:26;line-height:var(--awb-typography1-line-height);\">Clinique dentaire Sainte-Ad\u00e8le<\/h2><\/div><div class=\"fusion-separator\" style=\"align-self: center;margin-left: auto;margin-right: auto;margin-top:10px;margin-bottom:10px;width:100%;max-width:80px;\"><\/div><div class=\"fusion-text fusion-text-18\" style=\"--awb-margin-top:0px;\"><p style=\"text-align: center;\"><iframe style=\"border: 0;\" src=\"https:\/\/www.google.com\/maps\/embed?pb=!1m18!1m12!1m3!1d2774.1124038568205!2d-74.14232652325006!3d45.94903717108599!2m3!1f0!2f0!3f0!3m2!1i1024!2i768!4f13.1!3m3!1m2!1s0x4ccf398ab285b22f%3A0x56100baa54a6ee9a!2sClinique%20Dentaire%20Ste%20Ad%C3%A8le!5e0!3m2!1sfr!2sca!4v1766860524439!5m2!1sfr!2sca\" width=\"700\" height=\"400\" allowfullscreen=\"allowfullscreen\"><\/iframe><\/p>\n<\/div><div style=\"text-align:center;\"><a class=\"fusion-button button-flat button-large button-default fusion-button-default button-2 fusion-button-span-no fusion-button-default-type\" target=\"_blank\" rel=\"noopener noreferrer\" href=\"https:\/\/www.google.ca\/maps\/dir\/\/Clinique+Dentaire+Ste+Ad%C3%A8le,+173+Rue+Morin,+Sainte-Ad%C3%A8le,+QC+J8B+1P6\/@45.9490372,-74.1397516,17z\/data=!4m8!4m7!1m0!1m5!1m1!1s0x4ccf398ab285b22f:0x56100baa54a6ee9a!2m2!1d-74.139688!2d45.9490193?hl=fr\"><span class=\"fusion-button-text awb-button__text awb-button__text--default\">Voir l\u2019intin\u00e9raire sur Google Map<\/span><\/a><\/div><\/div><\/div><div class=\"fusion-layout-column fusion_builder_column fusion-builder-column-25 fusion_builder_column_2_5 2_5 fusion-flex-column\" style=\"--awb-padding-right:15px;--awb-padding-left:15px;--awb-padding-top-medium:0px;--awb-padding-right-medium:0px;--awb-padding-bottom-medium:0px;--awb-padding-left-medium:0px;--awb-padding-right-small:0px;--awb-padding-left-small:0px;--awb-bg-blend:overlay;--awb-bg-size:cover;--awb-width-large:40%;--awb-margin-top-large:15px;--awb-spacing-right-large:0px;--awb-margin-bottom-large:60px;--awb-spacing-left-large:20px;--awb-width-medium:100%;--awb-order-medium:0;--awb-margin-top-medium:0px;--awb-spacing-right-medium:10px;--awb-margin-bottom-medium:0px;--awb-spacing-left-medium:10px;--awb-width-small:100%;--awb-order-small:0;--awb-spacing-right-small:0px;--awb-spacing-left-small:0px;\" data-scroll-devices=\"small-visibility,medium-visibility,large-visibility\"><div class=\"fusion-column-wrapper fusion-column-has-shadow fusion-flex-justify-content-flex-start fusion-content-layout-column\"><div class=\"fusion-title title fusion-title-27 fusion-sep-none fusion-title-center fusion-title-text fusion-title-size-two\" style=\"--awb-text-color:var(--awb-color4);--awb-margin-top-small:0px;--awb-margin-right-small:0px;--awb-margin-bottom-small:20px;--awb-margin-left-small:0px;--awb-font-size:26px;\"><h2 class=\"fusion-title-heading title-heading-center fusion-responsive-typography-calculated\" style=\"margin:0;text-transform:none;font-size:1em;--fontSize:26;--minFontSize:26;line-height:var(--awb-typography1-line-height);\">Centre dentaire St-Janvier<\/h2><\/div><div class=\"fusion-separator\" style=\"align-self: center;margin-left: auto;margin-right: auto;margin-top:10px;margin-bottom:10px;width:100%;max-width:80px;\"><\/div><div class=\"fusion-text fusion-text-19\" style=\"--awb-margin-top:0px;\"><p style=\"text-align: center;\"><iframe style=\"border: 0;\" src=\"https:\/\/www.google.com\/maps\/embed?pb=!1m18!1m12!1m3!1d2786.31471002315!2d-73.93038212326151!3d45.7047229710789!2m3!1f0!2f0!3f0!3m2!1i1024!2i768!4f13.1!3m3!1m2!1s0x4cc8d5c2b6d979ed%3A0x2b20278c36ab2110!2sCentre%20Dentaire%20St-Janvier%20situ%C3%A9%20%C3%A0%20Mirabel!5e0!3m2!1sfr!2sca!4v1766860858154!5m2!1sfr!2sca\" width=\"700\" height=\"400\" allowfullscreen=\"allowfullscreen\"><\/iframe><\/p>\n<\/div><div style=\"text-align:center;\"><a class=\"fusion-button button-flat button-large button-default fusion-button-default button-3 fusion-button-span-no fusion-button-default-type\" target=\"_blank\" rel=\"noopener noreferrer\" href=\"https:\/\/www.google.ca\/maps\/dir\/\/Centre+Dentaire+St-Janvier+situ%C3%A9+%C3%A0+Mirabel,+13783+Bd+du+Cur%C3%A9-Labelle,+Mirabel,+QC+J7J+1K9\/@45.7045886,-73.9278634,17z\/data=!4m8!4m7!1m0!1m5!1m1!1s0x4cc8d5c2b6d979ed:0x2b20278c36ab2110!2m2!1d-73.9278634!2d45.7045886?hl=fr\"><span class=\"fusion-button-text awb-button__text awb-button__text--default\">Voir l\u2019intin\u00e9raire sur Google Map<\/span><\/a><\/div><\/div><\/div><\/div><\/div><div class=\"fusion-fullwidth fullwidth-box fusion-builder-row-11 fusion-flex-container has-pattern-background has-mask-background nonhundred-percent-fullwidth non-hundred-percent-height-scrolling\" style=\"--awb-border-radius-top-left:0px;--awb-border-radius-top-right:0px;--awb-border-radius-bottom-right:0px;--awb-border-radius-bottom-left:0px;--awb-padding-top:20px;--awb-flex-wrap:wrap;\" ><div class=\"fusion-builder-row fusion-row fusion-flex-align-items-flex-start fusion-flex-content-wrap\" style=\"max-width:1144px;margin-left: calc(-4% \/ 2 );margin-right: calc(-4% \/ 2 );\"><div class=\"fusion-layout-column fusion_builder_column fusion-builder-column-26 fusion_builder_column_1_1 1_1 fusion-flex-column\" style=\"--awb-padding-top:2%;--awb-bg-blend:overlay;--awb-bg-size:cover;--awb-width-large:100%;--awb-margin-top-large:0px;--awb-spacing-right-large:1.92%;--awb-margin-bottom-large:0px;--awb-spacing-left-large:1.92%;--awb-width-medium:100%;--awb-order-medium:0;--awb-spacing-right-medium:1.92%;--awb-spacing-left-medium:1.92%;--awb-width-small:100%;--awb-order-small:0;--awb-spacing-right-small:1.92%;--awb-spacing-left-small:1.92%;\"><div class=\"fusion-column-wrapper fusion-column-has-shadow fusion-flex-justify-content-flex-start fusion-content-layout-column\"><div class=\"fusion-text fusion-text-20\" style=\"--awb-font-size:26px;--awb-text-color:var(--awb-color4);\"><p style=\"text-align: center;\">Fi\u00e8re d\u2019un savoir-faire reconnu pour la fabrication et la r\u00e9paration de vos proth\u00e8ses dentaires<\/p>\n<\/div><\/div><\/div><div class=\"fusion-layout-column fusion_builder_column fusion-builder-column-27 fusion_builder_column_1_1 1_1 fusion-flex-column\" style=\"--awb-bg-size:cover;--awb-width-large:100%;--awb-margin-top-large:15px;--awb-spacing-right-large:1.92%;--awb-margin-bottom-large:15px;--awb-spacing-left-large:1.92%;--awb-width-medium:100%;--awb-order-medium:0;--awb-spacing-right-medium:1.92%;--awb-spacing-left-medium:1.92%;--awb-width-small:100%;--awb-order-small:0;--awb-spacing-right-small:1.92%;--awb-spacing-left-small:1.92%;\"><div class=\"fusion-column-wrapper fusion-column-has-shadow fusion-flex-justify-content-flex-start fusion-content-layout-column\"><div class=\"fusion-section-separator section-separator big-half-circle fusion-section-separator-1\" style=\"--awb-spacer-height:70px;--awb-svg-margin-left:1.92%;--awb-svg-margin-right:1.92%;--awb-svg-margin-left-medium:1.92%;--awb-svg-margin-right-medium:1.92%;--awb-svg-margin-left-small:1.92%;--awb-svg-margin-right-small:1.92%;--awb-divider-height:70px;--awb-spacer-padding-top:inherit;--awb-sep-padding:0;--awb-svg-padding:0;--awb-margin-top:10px;\"><div class=\"fusion-section-separator-svg\"><svg class=\"fusion-big-half-circle-candy\" xmlns=\"http:\/\/www.w3.org\/2000\/svg\" version=\"1.1\" width=\"100%\" height=\"100\" viewBox=\"0 0 100 100\" preserveAspectRatio=\"none\" fill=\"rgba(63,137,215,1)\"><path d=\"M0 0 C55 180 100 0 100 0 Z\"><\/path><\/svg><\/div><div class=\"fusion-section-separator-spacer\"><div class=\"fusion-section-separator-spacer-height\"><\/div><\/div><\/div><\/div><\/div><\/div><\/div><\/p>\n","protected":false},"excerpt":{"rendered":"","protected":false},"author":1,"featured_media":0,"parent":0,"menu_order":0,"comment_status":"closed","ping_status":"closed","template":"100-width.php","meta":{"two_page_speed":[],"footnotes":""},"class_list":["post-1523","page","type-page","status-publish","hentry"],"yoast_head":"<!-- This site is optimized with the Yoast SEO plugin v27.3 - https:\/\/yoast.com\/product\/yoast-seo-wordpress\/ -->\n<title>Denturologiste \u00e0 Mirabel et \u00e0 Sainte-Ad\u00e8le | Proth\u00e8ses dentaires<\/title>\n<meta name=\"description\" content=\"Votre denturologiste \u00e0 Mirabel et \u00e0 Sainte-Ad\u00e8le pour des proth\u00e8ses dentaires sur mesure d\u2019allure naturelle. Financement disponible!\" \/>\n<meta name=\"robots\" content=\"index, follow, max-snippet:-1, max-image-preview:large, max-video-preview:-1\" \/>\n<link rel=\"canonical\" href=\"https:\/\/denturologisterivenord.com\/\" \/>\n<meta property=\"og:locale\" content=\"fr_CA\" \/>\n<meta property=\"og:type\" content=\"article\" \/>\n<meta property=\"og:title\" content=\"Denturologiste \u00e0 Mirabel et \u00e0 Sainte-Ad\u00e8le | Proth\u00e8ses dentaires\" \/>\n<meta property=\"og:description\" content=\"Votre denturologiste \u00e0 Mirabel et \u00e0 Sainte-Ad\u00e8le pour des proth\u00e8ses dentaires sur mesure d\u2019allure naturelle. Financement disponible!\" \/>\n<meta property=\"og:url\" content=\"https:\/\/denturologisterivenord.com\/\" \/>\n<meta property=\"og:site_name\" content=\"Denturologiste\" \/>\n<meta property=\"article:modified_time\" content=\"2026-02-26T19:22:33+00:00\" \/>\n<meta property=\"og:image\" content=\"https:\/\/denturologisterivenord.com\/wp-content\/uploads\/2023\/02\/denturologiste-mirabel-ste-adele.jpg\" \/>\n\t<meta property=\"og:image:width\" content=\"1200\" \/>\n\t<meta property=\"og:image:height\" content=\"675\" \/>\n\t<meta property=\"og:image:type\" content=\"image\/jpeg\" \/>\n<meta name=\"twitter:card\" content=\"summary_large_image\" \/>\n<meta name=\"twitter:label1\" content=\"Estimation du temps de lecture\" \/>\n\t<meta name=\"twitter:data1\" content=\"7 minutes\" \/>\n<script type=\"application\/ld+json\" class=\"yoast-schema-graph\">{\"@context\":\"https:\\\/\\\/schema.org\",\"@graph\":[{\"@type\":\"WebPage\",\"@id\":\"https:\\\/\\\/denturologisterivenord.com\\\/\",\"url\":\"https:\\\/\\\/denturologisterivenord.com\\\/\",\"name\":\"Denturologiste \u00e0 Mirabel et \u00e0 Sainte-Ad\u00e8le | Proth\u00e8ses dentaires\",\"isPartOf\":{\"@id\":\"https:\\\/\\\/denturologisterivenord.com\\\/#website\"},\"datePublished\":\"2022-11-05T14:21:23+00:00\",\"dateModified\":\"2026-02-26T19:22:33+00:00\",\"description\":\"Votre denturologiste \u00e0 Mirabel et \u00e0 Sainte-Ad\u00e8le pour des proth\u00e8ses dentaires sur mesure d\u2019allure naturelle. Financement disponible!\",\"breadcrumb\":{\"@id\":\"https:\\\/\\\/denturologisterivenord.com\\\/#breadcrumb\"},\"inLanguage\":\"fr-CA\",\"potentialAction\":[{\"@type\":\"ReadAction\",\"target\":[\"https:\\\/\\\/denturologisterivenord.com\\\/\"]}]},{\"@type\":\"BreadcrumbList\",\"@id\":\"https:\\\/\\\/denturologisterivenord.com\\\/#breadcrumb\",\"itemListElement\":[{\"@type\":\"ListItem\",\"position\":1,\"name\":\"Accueil\",\"item\":\"https:\\\/\\\/denturologisterivenord.com\\\/\"},{\"@type\":\"ListItem\",\"position\":2,\"name\":\"Denturologiste\"}]},{\"@type\":\"WebSite\",\"@id\":\"https:\\\/\\\/denturologisterivenord.com\\\/#website\",\"url\":\"https:\\\/\\\/denturologisterivenord.com\\\/\",\"name\":\"Denturologiste Mirabel et Ste-Ad\u00e8le\",\"description\":\"votre denturologiste \u00e0 Mirabel et \u00e0 Sainte-Ad\u00e8le\",\"publisher\":{\"@id\":\"https:\\\/\\\/denturologisterivenord.com\\\/#organization\"},\"alternateName\":\"Denturologiste Ste-Ad\u00e8le\",\"potentialAction\":[{\"@type\":\"SearchAction\",\"target\":{\"@type\":\"EntryPoint\",\"urlTemplate\":\"https:\\\/\\\/denturologisterivenord.com\\\/?s={search_term_string}\"},\"query-input\":{\"@type\":\"PropertyValueSpecification\",\"valueRequired\":true,\"valueName\":\"search_term_string\"}}],\"inLanguage\":\"fr-CA\"},{\"@type\":\"Organization\",\"@id\":\"https:\\\/\\\/denturologisterivenord.com\\\/#organization\",\"name\":\"Denturologiste, Philippe Bisaillon-Cyr\",\"alternateName\":\"Proth\u00e8se dentaire\",\"url\":\"https:\\\/\\\/denturologisterivenord.com\\\/\",\"logo\":{\"@type\":\"ImageObject\",\"inLanguage\":\"fr-CA\",\"@id\":\"https:\\\/\\\/denturologisterivenord.com\\\/#\\\/schema\\\/logo\\\/image\\\/\",\"url\":\"https:\\\/\\\/denturologisterivenord.com\\\/wp-content\\\/uploads\\\/2022\\\/10\\\/denturologiste-philippe-bisaillon-cyr-1.png\",\"contentUrl\":\"https:\\\/\\\/denturologisterivenord.com\\\/wp-content\\\/uploads\\\/2022\\\/10\\\/denturologiste-philippe-bisaillon-cyr-1.png\",\"width\":550,\"height\":303,\"caption\":\"Denturologiste, Philippe Bisaillon-Cyr\"},\"image\":{\"@id\":\"https:\\\/\\\/denturologisterivenord.com\\\/#\\\/schema\\\/logo\\\/image\\\/\"}}]}<\/script>\n<!-- \/ Yoast SEO plugin. -->","yoast_head_json":{"title":"Denturologiste \u00e0 Mirabel et \u00e0 Sainte-Ad\u00e8le | Proth\u00e8ses dentaires","description":"Votre denturologiste \u00e0 Mirabel et \u00e0 Sainte-Ad\u00e8le pour des proth\u00e8ses dentaires sur mesure d\u2019allure naturelle. Financement disponible!","robots":{"index":"index","follow":"follow","max-snippet":"max-snippet:-1","max-image-preview":"max-image-preview:large","max-video-preview":"max-video-preview:-1"},"canonical":"https:\/\/denturologisterivenord.com\/","og_locale":"fr_CA","og_type":"article","og_title":"Denturologiste \u00e0 Mirabel et \u00e0 Sainte-Ad\u00e8le | Proth\u00e8ses dentaires","og_description":"Votre denturologiste \u00e0 Mirabel et \u00e0 Sainte-Ad\u00e8le pour des proth\u00e8ses dentaires sur mesure d\u2019allure naturelle. Financement disponible!","og_url":"https:\/\/denturologisterivenord.com\/","og_site_name":"Denturologiste","article_modified_time":"2026-02-26T19:22:33+00:00","og_image":[{"width":1200,"height":675,"url":"https:\/\/denturologisterivenord.com\/wp-content\/uploads\/2023\/02\/denturologiste-mirabel-ste-adele.jpg","type":"image\/jpeg"}],"twitter_card":"summary_large_image","twitter_misc":{"Estimation du temps de lecture":"7 minutes"},"schema":{"@context":"https:\/\/schema.org","@graph":[{"@type":"WebPage","@id":"https:\/\/denturologisterivenord.com\/","url":"https:\/\/denturologisterivenord.com\/","name":"Denturologiste \u00e0 Mirabel et \u00e0 Sainte-Ad\u00e8le | Proth\u00e8ses dentaires","isPartOf":{"@id":"https:\/\/denturologisterivenord.com\/#website"},"datePublished":"2022-11-05T14:21:23+00:00","dateModified":"2026-02-26T19:22:33+00:00","description":"Votre denturologiste \u00e0 Mirabel et \u00e0 Sainte-Ad\u00e8le pour des proth\u00e8ses dentaires sur mesure d\u2019allure naturelle. Financement disponible!","breadcrumb":{"@id":"https:\/\/denturologisterivenord.com\/#breadcrumb"},"inLanguage":"fr-CA","potentialAction":[{"@type":"ReadAction","target":["https:\/\/denturologisterivenord.com\/"]}]},{"@type":"BreadcrumbList","@id":"https:\/\/denturologisterivenord.com\/#breadcrumb","itemListElement":[{"@type":"ListItem","position":1,"name":"Accueil","item":"https:\/\/denturologisterivenord.com\/"},{"@type":"ListItem","position":2,"name":"Denturologiste"}]},{"@type":"WebSite","@id":"https:\/\/denturologisterivenord.com\/#website","url":"https:\/\/denturologisterivenord.com\/","name":"Denturologiste Mirabel et Ste-Ad\u00e8le","description":"votre denturologiste \u00e0 Mirabel et \u00e0 Sainte-Ad\u00e8le","publisher":{"@id":"https:\/\/denturologisterivenord.com\/#organization"},"alternateName":"Denturologiste Ste-Ad\u00e8le","potentialAction":[{"@type":"SearchAction","target":{"@type":"EntryPoint","urlTemplate":"https:\/\/denturologisterivenord.com\/?s={search_term_string}"},"query-input":{"@type":"PropertyValueSpecification","valueRequired":true,"valueName":"search_term_string"}}],"inLanguage":"fr-CA"},{"@type":"Organization","@id":"https:\/\/denturologisterivenord.com\/#organization","name":"Denturologiste, Philippe Bisaillon-Cyr","alternateName":"Proth\u00e8se dentaire","url":"https:\/\/denturologisterivenord.com\/","logo":{"@type":"ImageObject","inLanguage":"fr-CA","@id":"https:\/\/denturologisterivenord.com\/#\/schema\/logo\/image\/","url":"https:\/\/denturologisterivenord.com\/wp-content\/uploads\/2022\/10\/denturologiste-philippe-bisaillon-cyr-1.png","contentUrl":"https:\/\/denturologisterivenord.com\/wp-content\/uploads\/2022\/10\/denturologiste-philippe-bisaillon-cyr-1.png","width":550,"height":303,"caption":"Denturologiste, Philippe Bisaillon-Cyr"},"image":{"@id":"https:\/\/denturologisterivenord.com\/#\/schema\/logo\/image\/"}}]}},"_links":{"self":[{"href":"https:\/\/denturologisterivenord.com\/index.php?rest_route=\/wp\/v2\/pages\/1523","targetHints":{"allow":["GET"]}}],"collection":[{"href":"https:\/\/denturologisterivenord.com\/index.php?rest_route=\/wp\/v2\/pages"}],"about":[{"href":"https:\/\/denturologisterivenord.com\/index.php?rest_route=\/wp\/v2\/types\/page"}],"author":[{"embeddable":true,"href":"https:\/\/denturologisterivenord.com\/index.php?rest_route=\/wp\/v2\/users\/1"}],"replies":[{"embeddable":true,"href":"https:\/\/denturologisterivenord.com\/index.php?rest_route=%2Fwp%2Fv2%2Fcomments&post=1523"}],"version-history":[{"count":0,"href":"https:\/\/denturologisterivenord.com\/index.php?rest_route=\/wp\/v2\/pages\/1523\/revisions"}],"wp:attachment":[{"href":"https:\/\/denturologisterivenord.com\/index.php?rest_route=%2Fwp%2Fv2%2Fmedia&parent=1523"}],"curies":[{"name":"wp","href":"https:\/\/api.w.org\/{rel}","templated":true}]}}